{"id":887,"date":"2019-01-31T12:00:10","date_gmt":"2019-01-31T12:00:10","guid":{"rendered":"https:\/\/www.acidh.org\/areaeducativa\/wp-content\/uploads\/sites\/2\/2019\/01\/PHOTO-2019-01-31-12-47-40-2.jpg"},"modified":"2019-01-31T12:03:42","modified_gmt":"2019-01-31T12:03:42","slug":"photo-2019-01-31-12-47-40-2","status":"inherit","type":"attachment","link":"https:\/\/acidh.org\/areaeducativa\/general-educativa\/celebracio-del-dia-de-la-pau\/attachment\/photo-2019-01-31-12-47-40-2\/","title":{"rendered":"Celebraci\u00f3 de dia de la Pau."},"author":13,"featured_media":0,"comment_status":"open","ping_status":"closed","template":"","meta":{"_et_pb_use_builder":"","_et_pb_old_content":"","_et_gb_content_width":""},"class_list":["post-887","attachment","type-attachment","status-inherit","hentry"],"yoast_head":"<!-- This site is optimized with the Yoast SEO plugin v27.4 - https:\/\/yoast.com\/product\/yoast-seo-wordpress\/ -->\n<title>Celebraci\u00f3 de dia de la Pau. - \u00c0rea Educativa<\/title>\n<meta name=\"robots\" content=\"index, follow, max-snippet:-1, max-image-preview:large, max-video-preview:-1\" \/>\n<link rel=\"canonical\" href=\"https:\/\/acidh.org\/areaeducativa\/wp-content\/uploads\/sites\/2\/2019\/01\/PHOTO-2019-01-31-12-47-40-2.jpg\" \/>\n<meta property=\"og:locale\" content=\"es_ES\" \/>\n<meta property=\"og:type\" content=\"article\" \/>\n<meta property=\"og:title\" content=\"Celebraci\u00f3 de dia de la Pau. - \u00c0rea Educativa\" \/>\n<meta property=\"og:description\" content=\"Alumnes a la celebraci\u00f3 de dia de la Pau.\" \/>\n<meta property=\"og:url\" content=\"https:\/\/acidh.org\/areaeducativa\/wp-content\/uploads\/sites\/2\/2019\/01\/PHOTO-2019-01-31-12-47-40-2.jpg\" \/>\n<meta property=\"og:site_name\" content=\"\u00c0rea Educativa\" \/>\n<meta property=\"article:modified_time\" content=\"2019-01-31T12:03:42+00:00\" \/>\n<meta property=\"og:image\" content=\"https:\/\/acidh.org\/areaeducativa\/wp-content\/uploads\/sites\/2\/2019\/01\/PHOTO-2019-01-31-12-47-40-2.jpg\" \/>\n\t<meta property=\"og:image:width\" content=\"1600\" \/>\n\t<meta property=\"og:image:height\" content=\"1200\" \/>\n\t<meta property=\"og:image:type\" content=\"image\/jpeg\" \/>\n<meta name=\"twitter:card\" content=\"summary_large_image\" \/>\n<script type=\"application\/ld+json\" class=\"yoast-schema-graph\">{\"@context\":\"https:\\\/\\\/schema.org\",\"@graph\":[{\"@type\":\"WebPage\",\"@id\":\"https:\\\/\\\/acidh.org\\\/areaeducativa\\\/wp-content\\\/uploads\\\/sites\\\/2\\\/2019\\\/01\\\/PHOTO-2019-01-31-12-47-40-2.jpg\",\"url\":\"https:\\\/\\\/acidh.org\\\/areaeducativa\\\/wp-content\\\/uploads\\\/sites\\\/2\\\/2019\\\/01\\\/PHOTO-2019-01-31-12-47-40-2.jpg\",\"name\":\"Celebraci\u00f3 de dia de la Pau. - \u00c0rea Educativa\",\"isPartOf\":{\"@id\":\"https:\\\/\\\/acidh.org\\\/areaeducativa\\\/es\\\/#website\"},\"datePublished\":\"2019-01-31T12:00:10+00:00\",\"dateModified\":\"2019-01-31T12:03:42+00:00\",\"breadcrumb\":{\"@id\":\"https:\\\/\\\/acidh.org\\\/areaeducativa\\\/wp-content\\\/uploads\\\/sites\\\/2\\\/2019\\\/01\\\/PHOTO-2019-01-31-12-47-40-2.jpg#breadcrumb\"},\"inLanguage\":\"es\",\"potentialAction\":[{\"@type\":\"ReadAction\",\"target\":[\"https:\\\/\\\/acidh.org\\\/areaeducativa\\\/wp-content\\\/uploads\\\/sites\\\/2\\\/2019\\\/01\\\/PHOTO-2019-01-31-12-47-40-2.jpg\"]}]},{\"@type\":\"BreadcrumbList\",\"@id\":\"https:\\\/\\\/acidh.org\\\/areaeducativa\\\/wp-content\\\/uploads\\\/sites\\\/2\\\/2019\\\/01\\\/PHOTO-2019-01-31-12-47-40-2.jpg#breadcrumb\",\"itemListElement\":[{\"@type\":\"ListItem\",\"position\":1,\"name\":\"Portada\",\"item\":\"https:\\\/\\\/acidh.org\\\/areaeducativa\\\/\"},{\"@type\":\"ListItem\",\"position\":2,\"name\":\"Celebraci\u00f3 del dia de la Pau\",\"item\":\"https:\\\/\\\/acidh.org\\\/areaeducativa\\\/general-educativa\\\/celebracio-del-dia-de-la-pau\\\/\"},{\"@type\":\"ListItem\",\"position\":3,\"name\":\"Celebraci\u00f3 de dia de la Pau.\"}]},{\"@type\":\"WebSite\",\"@id\":\"https:\\\/\\\/acidh.org\\\/areaeducativa\\\/es\\\/#website\",\"url\":\"https:\\\/\\\/acidh.org\\\/areaeducativa\\\/es\\\/\",\"name\":\"\u00c0rea Educativa\",\"description\":\"AcidH\",\"potentialAction\":[{\"@type\":\"SearchAction\",\"target\":{\"@type\":\"EntryPoint\",\"urlTemplate\":\"https:\\\/\\\/acidh.org\\\/areaeducativa\\\/es\\\/?s={search_term_string}\"},\"query-input\":{\"@type\":\"PropertyValueSpecification\",\"valueRequired\":true,\"valueName\":\"search_term_string\"}}],\"inLanguage\":\"es\"}]}<\/script>\n<!-- \/ Yoast SEO plugin. -->","yoast_head_json":{"title":"Celebraci\u00f3 de dia de la Pau. - \u00c0rea Educativa","robots":{"index":"index","follow":"follow","max-snippet":"max-snippet:-1","max-image-preview":"max-image-preview:large","max-video-preview":"max-video-preview:-1"},"canonical":"https:\/\/acidh.org\/areaeducativa\/wp-content\/uploads\/sites\/2\/2019\/01\/PHOTO-2019-01-31-12-47-40-2.jpg","og_locale":"es_ES","og_type":"article","og_title":"Celebraci\u00f3 de dia de la Pau. - \u00c0rea Educativa","og_description":"Alumnes a la celebraci\u00f3 de dia de la Pau.","og_url":"https:\/\/acidh.org\/areaeducativa\/wp-content\/uploads\/sites\/2\/2019\/01\/PHOTO-2019-01-31-12-47-40-2.jpg","og_site_name":"\u00c0rea Educativa","article_modified_time":"2019-01-31T12:03:42+00:00","og_image":[{"width":1600,"height":1200,"url":"https:\/\/acidh.org\/areaeducativa\/wp-content\/uploads\/sites\/2\/2019\/01\/PHOTO-2019-01-31-12-47-40-2.jpg","type":"image\/jpeg"}],"twitter_card":"summary_large_image","schema":{"@context":"https:\/\/schema.org","@graph":[{"@type":"WebPage","@id":"https:\/\/acidh.org\/areaeducativa\/wp-content\/uploads\/sites\/2\/2019\/01\/PHOTO-2019-01-31-12-47-40-2.jpg","url":"https:\/\/acidh.org\/areaeducativa\/wp-content\/uploads\/sites\/2\/2019\/01\/PHOTO-2019-01-31-12-47-40-2.jpg","name":"Celebraci\u00f3 de dia de la Pau. - \u00c0rea Educativa","isPartOf":{"@id":"https:\/\/acidh.org\/areaeducativa\/es\/#website"},"datePublished":"2019-01-31T12:00:10+00:00","dateModified":"2019-01-31T12:03:42+00:00","breadcrumb":{"@id":"https:\/\/acidh.org\/areaeducativa\/wp-content\/uploads\/sites\/2\/2019\/01\/PHOTO-2019-01-31-12-47-40-2.jpg#breadcrumb"},"inLanguage":"es","potentialAction":[{"@type":"ReadAction","target":["https:\/\/acidh.org\/areaeducativa\/wp-content\/uploads\/sites\/2\/2019\/01\/PHOTO-2019-01-31-12-47-40-2.jpg"]}]},{"@type":"BreadcrumbList","@id":"https:\/\/acidh.org\/areaeducativa\/wp-content\/uploads\/sites\/2\/2019\/01\/PHOTO-2019-01-31-12-47-40-2.jpg#breadcrumb","itemListElement":[{"@type":"ListItem","position":1,"name":"Portada","item":"https:\/\/acidh.org\/areaeducativa\/"},{"@type":"ListItem","position":2,"name":"Celebraci\u00f3 del dia de la Pau","item":"https:\/\/acidh.org\/areaeducativa\/general-educativa\/celebracio-del-dia-de-la-pau\/"},{"@type":"ListItem","position":3,"name":"Celebraci\u00f3 de dia de la Pau."}]},{"@type":"WebSite","@id":"https:\/\/acidh.org\/areaeducativa\/es\/#website","url":"https:\/\/acidh.org\/areaeducativa\/es\/","name":"\u00c0rea Educativa","description":"AcidH","potentialAction":[{"@type":"SearchAction","target":{"@type":"EntryPoint","urlTemplate":"https:\/\/acidh.org\/areaeducativa\/es\/?s={search_term_string}"},"query-input":{"@type":"PropertyValueSpecification","valueRequired":true,"valueName":"search_term_string"}}],"inLanguage":"es"}]}},"smush":{"stats":{"percent":1.1019317664150896,"bytes":5370,"size_before":487326,"size_after":481956,"time":0.24000000000000002,"api_version":"1.0","lossy":false,"keep_exif":0},"sizes":{"thumbnail":{"percent":1.18,"bytes":78,"size_before":6623,"size_after":6545,"time":0.01},"medium":{"percent":2.51,"bytes":398,"size_before":15831,"size_after":15433,"time":0.01},"medium_large":{"percent":1.26,"bytes":801,"size_before":63459,"size_after":62658,"time":0.03},"large":{"percent":0.72,"bytes":693,"size_before":96042,"size_after":95349,"time":0.04},"et-pb-post-main-image":{"percent":2.42,"bytes":507,"size_before":20922,"size_after":20415,"time":0.04},"et-pb-post-main-image-fullwidth":{"percent":0.66,"bytes":593,"size_before":89276,"size_after":88683,"time":0.03},"et-pb-portfolio-image":{"percent":2.28,"bytes":530,"size_before":23218,"size_after":22688,"time":0.01},"et-pb-portfolio-module-image":{"percent":1.74,"bytes":601,"size_before":34474,"size_after":33873,"time":0.01},"et-pb-portfolio-image-single":{"percent":0.66,"bytes":686,"size_before":104048,"size_after":103362,"time":0.04},"et-pb-gallery-module-image-portrait":{"percent":1.44,"bytes":483,"size_before":33433,"size_after":32950,"time":0.02}}},"description":{"rendered":"<p class=\"attachment\"><a href='https:\/\/acidh.org\/areaeducativa\/wp-content\/uploads\/sites\/2\/2019\/01\/PHOTO-2019-01-31-12-47-40-2.jpg'><img loading=\"lazy\" decoding=\"async\" width=\"300\" height=\"225\" src=\"https:\/\/acidh.org\/areaeducativa\/wp-content\/uploads\/sites\/2\/2019\/01\/PHOTO-2019-01-31-12-47-40-2-300x225.jpg\" class=\"attachment-medium size-medium\" alt=\"\" srcset=\"https:\/\/acidh.org\/areaeducativa\/wp-content\/uploads\/sites\/2\/2019\/01\/PHOTO-2019-01-31-12-47-40-2-300x225.jpg 300w, https:\/\/acidh.org\/areaeducativa\/wp-content\/uploads\/sites\/2\/2019\/01\/PHOTO-2019-01-31-12-47-40-2-768x576.jpg 768w, https:\/\/acidh.org\/areaeducativa\/wp-content\/uploads\/sites\/2\/2019\/01\/PHOTO-2019-01-31-12-47-40-2-1024x768.jpg 1024w, https:\/\/acidh.org\/areaeducativa\/wp-content\/uploads\/sites\/2\/2019\/01\/PHOTO-2019-01-31-12-47-40-2-510x382.jpg 510w, https:\/\/acidh.org\/areaeducativa\/wp-content\/uploads\/sites\/2\/2019\/01\/PHOTO-2019-01-31-12-47-40-2-1080x810.jpg 1080w, https:\/\/acidh.org\/areaeducativa\/wp-content\/uploads\/sites\/2\/2019\/01\/PHOTO-2019-01-31-12-47-40-2.jpg 1600w\" sizes=\"(max-width: 300px) 100vw, 300px\" \/><\/a><\/p>\n"},"caption":{"rendered":"<p>Alumnes a la celebraci\u00f3 de dia de la Pau.<\/p>\n"},"alt_text":"","media_type":"image","mime_type":"image\/jpeg","media_details":{"width":1600,"height":1200,"file":"2019\/01\/PHOTO-2019-01-31-12-47-40-2.jpg","sizes":{"thumbnail":{"file":"PHOTO-2019-01-31-12-47-40-2-150x150.jpg","width":150,"height":150,"mime_type":"image\/jpeg","source_url":"https:\/\/acidh.org\/areaeducativa\/wp-content\/uploads\/sites\/2\/2019\/01\/PHOTO-2019-01-31-12-47-40-2-150x150.jpg"},"medium":{"file":"PHOTO-2019-01-31-12-47-40-2-300x225.jpg","width":300,"height":225,"mime_type":"image\/jpeg","source_url":"https:\/\/acidh.org\/areaeducativa\/wp-content\/uploads\/sites\/2\/2019\/01\/PHOTO-2019-01-31-12-47-40-2-300x225.jpg"},"medium_large":{"file":"PHOTO-2019-01-31-12-47-40-2-768x576.jpg","width":768,"height":576,"mime_type":"image\/jpeg","source_url":"https:\/\/acidh.org\/areaeducativa\/wp-content\/uploads\/sites\/2\/2019\/01\/PHOTO-2019-01-31-12-47-40-2-768x576.jpg"},"large":{"file":"PHOTO-2019-01-31-12-47-40-2-1024x768.jpg","width":1024,"height":768,"mime_type":"image\/jpeg","source_url":"https:\/\/acidh.org\/areaeducativa\/wp-content\/uploads\/sites\/2\/2019\/01\/PHOTO-2019-01-31-12-47-40-2-1024x768.jpg"},"et-pb-post-main-image":{"file":"PHOTO-2019-01-31-12-47-40-2-400x250.jpg","width":400,"height":250,"mime_type":"image\/jpeg","source_url":"https:\/\/acidh.org\/areaeducativa\/wp-content\/uploads\/sites\/2\/2019\/01\/PHOTO-2019-01-31-12-47-40-2-400x250.jpg"},"et-pb-post-main-image-fullwidth":{"file":"PHOTO-2019-01-31-12-47-40-2-1080x675.jpg","width":1080,"height":675,"mime_type":"image\/jpeg","source_url":"https:\/\/acidh.org\/areaeducativa\/wp-content\/uploads\/sites\/2\/2019\/01\/PHOTO-2019-01-31-12-47-40-2-1080x675.jpg"},"et-pb-portfolio-image":{"file":"PHOTO-2019-01-31-12-47-40-2-400x284.jpg","width":400,"height":284,"mime_type":"image\/jpeg","source_url":"https:\/\/acidh.org\/areaeducativa\/wp-content\/uploads\/sites\/2\/2019\/01\/PHOTO-2019-01-31-12-47-40-2-400x284.jpg"},"et-pb-portfolio-module-image":{"file":"PHOTO-2019-01-31-12-47-40-2-510x382.jpg","width":510,"height":382,"mime_type":"image\/jpeg","source_url":"https:\/\/acidh.org\/areaeducativa\/wp-content\/uploads\/sites\/2\/2019\/01\/PHOTO-2019-01-31-12-47-40-2-510x382.jpg"},"et-pb-portfolio-image-single":{"file":"PHOTO-2019-01-31-12-47-40-2-1080x810.jpg","width":1080,"height":810,"mime_type":"image\/jpeg","source_url":"https:\/\/acidh.org\/areaeducativa\/wp-content\/uploads\/sites\/2\/2019\/01\/PHOTO-2019-01-31-12-47-40-2-1080x810.jpg"},"et-pb-gallery-module-image-portrait":{"file":"PHOTO-2019-01-31-12-47-40-2-400x516.jpg","width":400,"height":516,"mime_type":"image\/jpeg","source_url":"https:\/\/acidh.org\/areaeducativa\/wp-content\/uploads\/sites\/2\/2019\/01\/PHOTO-2019-01-31-12-47-40-2-400x516.jpg"},"full":{"file":"PHOTO-2019-01-31-12-47-40-2.jpg","width":1600,"height":1200,"mime_type":"image\/jpeg","source_url":"https:\/\/acidh.org\/areaeducativa\/wp-content\/uploads\/sites\/2\/2019\/01\/PHOTO-2019-01-31-12-47-40-2.jpg"}},"image_meta":{"aperture":"0","credit":"","camera":"","caption":"","created_timestamp":"0","copyright":"","focal_length":"0","iso":"0","shutter_speed":"0","title":"","orientation":"0","keywords":[]}},"post":880,"source_url":"https:\/\/acidh.org\/areaeducativa\/wp-content\/uploads\/sites\/2\/2019\/01\/PHOTO-2019-01-31-12-47-40-2.jpg","_links":{"self":[{"href":"https:\/\/acidh.org\/areaeducativa\/wp-json\/wp\/v2\/media\/887","targetHints":{"allow":["GET"]}}],"collection":[{"href":"https:\/\/acidh.org\/areaeducativa\/wp-json\/wp\/v2\/media"}],"about":[{"href":"https:\/\/acidh.org\/areaeducativa\/wp-json\/wp\/v2\/types\/attachment"}],"author":[{"embeddable":true,"href":"https:\/\/acidh.org\/areaeducativa\/wp-json\/wp\/v2\/users\/13"}],"replies":[{"embeddable":true,"href":"https:\/\/acidh.org\/areaeducativa\/wp-json\/wp\/v2\/comments?post=887"}],"wp:attached-to":[{"embeddable":true,"post_type":"post","id":880,"href":"https:\/\/acidh.org\/areaeducativa\/wp-json\/wp\/v2\/posts\/880"}],"curies":[{"name":"wp","href":"https:\/\/api.w.org\/{rel}","templated":true}]}}