{"id":324,"date":"2015-10-12T15:09:37","date_gmt":"2015-10-12T15:09:37","guid":{"rendered":"https:\/\/www.acidh.org\/areaeducativa\/es\/escola-de-vida-montserrat\/"},"modified":"2023-08-23T09:21:32","modified_gmt":"2023-08-23T09:21:32","slug":"escuela-de-vida-montserrat","status":"publish","type":"page","link":"https:\/\/acidh.org\/areaeducativa\/escuela-de-vida-montserrat\/","title":{"rendered":"Escuela de Vida Montserrat"},"content":{"rendered":"<p>[et_pb_section fb_built=\u00bb1&#8243; specialty=\u00bbon\u00bb admin_label=\u00bbSection\u00bb _builder_version=\u00bb4.16&#8243; global_colors_info=\u00bb{}\u00bb][et_pb_column type=\u00bb3_4&#8243; specialty_columns=\u00bb3&#8243; _builder_version=\u00bb4.16&#8243; custom_padding=\u00bb|||\u00bb global_colors_info=\u00bb{}\u00bb custom_padding__hover=\u00bb|||\u00bb][et_pb_row_inner admin_label=\u00bbRow\u00bb _builder_version=\u00bb4.16&#8243; global_colors_info=\u00bb{}\u00bb][et_pb_column_inner saved_specialty_column_type=\u00bb3_4&#8243; _builder_version=\u00bb4.16&#8243; custom_padding=\u00bb|||\u00bb global_colors_info=\u00bb{}\u00bb custom_padding__hover=\u00bb|||\u00bb][et_pb_text admin_label=\u00bbescola vida montserrat cast\u00bb _builder_version=\u00bb4.21.0&#8243; background_size=\u00bbinitial\u00bb background_position=\u00bbtop_left\u00bb background_repeat=\u00bbrepeat\u00bb use_border_color=\u00bboff\u00bb border_color=\u00bb#ffffff\u00bb border_style=\u00bbsolid\u00bb global_colors_info=\u00bb{}\u00bb]<\/p>\n<h1>Escuela de Vida Montserrat<\/h1>\n<blockquote>\n<p><strong>Centro de Educaci\u00f3n Especial concertado<\/strong> por el Departament d&#8217;Educaci\u00f3 de la Generalitat de Catalunya<\/p>\n<\/blockquote>\n<p>Se imparte F<strong>ormaci\u00f3n\u00a0<\/strong><b>Obligatoria<\/b>, con el <strong>programa de ESO adaptada<\/strong>\u00a0i\u00a0<b>Formaci\u00f3n\u00a0Postobligatoria<\/b> (FP) con <strong>dos modalidades <\/strong>diferentes, los <b>Programas de Formaci\u00f3n e Inserci\u00f3n (PFI)<\/b> i los <b>Itinerarios Formativos Espec\u00edficos (IFE).<\/b><\/p>\n<h3><strong>Educaci\u00f3n Secundaria Obligatoria Adaptada &#8211; ESO<\/strong><\/h3>\n<blockquote>\n<p>La <strong>ESO Adaptada<\/strong> pretende <strong>potenciar<\/strong> al m\u00e1ximo las <strong>capacidades intelectuales<\/strong>, <strong>emocionales<\/strong> y\u00a0<strong>sociales<\/strong> del alumnado:<\/p>\n<\/blockquote>\n<ul>\n<li><strong>Adapt\u00e1ndose<\/strong>, en cada momento, al <strong>estilo de aprendizaje<\/strong> de cada alumno con\u00a0<b>metodolog\u00edas experienciales<\/b> y con una<b>\u00a0ratio\u00a0reducida.<\/b><\/li>\n<li>Partiendo de una <strong>visi\u00f3n global de la persona<\/strong>, donde el objectivo principal es el <strong>crecimiento<\/strong> en todos los \u00e1mbitos.<\/li>\n<li>Participando en\u00a0<b>proyectos educativos de \u00e1mbito local,<\/b> para potenciar <strong>la inclusi\u00f3n social<\/strong> del <strong>alumnado.<\/strong><\/li>\n<li>Ofreciendo, desde el <strong>Consell Orientador<\/strong>, una orientaci\u00f3n al alumno en relaci\u00f3n a su <strong>formaci\u00f3n laboral,<\/strong> partiendo de sus habilidades y necesidades.<\/li>\n<\/ul>\n<p><em><strong>Centro\u00a0concertado con el Departamento de\u00a0Educaci\u00f3n<\/strong>. Se imparte\u00a0la\u00a0Educaci\u00f3n Secundaria\u00a0Obligatoria con\u00a0modificaci\u00f3n curricular de centro autorizado\u00a0por el\u00a0Departamento de\u00a0Educaci\u00f3n en la Resoluci\u00f3n de 4 de octubre de 2002.<\/em><\/p>\n<p>[\/et_pb_text][\/et_pb_column_inner][\/et_pb_row_inner][et_pb_row_inner _builder_version=\u00bb4.21.0&#8243; _module_preset=\u00bbdefault\u00bb global_colors_info=\u00bb{}\u00bb][et_pb_column_inner saved_specialty_column_type=\u00bb3_4&#8243; _builder_version=\u00bb4.21.0&#8243; _module_preset=\u00bbdefault\u00bb global_colors_info=\u00bb{}\u00bb][et_pb_text admin_label=\u00bbESO\u00bb _builder_version=\u00bb4.21.0&#8243; _module_preset=\u00bbdefault\u00bb global_colors_info=\u00bb{}\u00bb]<\/p>\n<h3>Objetivos pedag\u00f3gicos<\/h3>\n<p>[\/et_pb_text][\/et_pb_column_inner][\/et_pb_row_inner][et_pb_row_inner column_structure=\u00bb1_2,1_2&#8243; admin_label=\u00bbRow\u00bb _builder_version=\u00bb4.16&#8243; global_colors_info=\u00bb{}\u00bb][et_pb_column_inner type=\u00bb1_2&#8243; saved_specialty_column_type=\u00bb3_4&#8243; _builder_version=\u00bb4.16&#8243; custom_padding=\u00bb|||\u00bb global_colors_info=\u00bb{}\u00bb custom_padding__hover=\u00bb|||\u00bb][et_pb_blurb title=\u00bbMejorar las aptitudes, actitudes y habilidades del alumnado\u00bb use_icon=\u00bbon\u00bb font_icon=\u00bb&#x5e;||divi||400&#8243; icon_placement=\u00bbleft\u00bb admin_label=\u00bbMejorar las aptitudes, actitudes y habilidades del alumno.\u00bb _builder_version=\u00bb4.21.0&#8243; background_size=\u00bbinitial\u00bb background_position=\u00bbtop_left\u00bb background_repeat=\u00bbrepeat\u00bb use_border_color=\u00bboff\u00bb border_color=\u00bb#ffffff\u00bb border_style=\u00bbsolid\u00bb global_colors_info=\u00bb{}\u00bb][\/et_pb_blurb][et_pb_blurb title=\u00bbVehicular la integraci\u00f3n social, partiendo del logro de las competencias b\u00e1sicas y de los objetivos curriculares en la etapa de la Educaci\u00f3n Secundaria Obligatoria y la educaci\u00f3n en habilidades sociales\u00bb use_icon=\u00bbon\u00bb font_icon=\u00bb&#x5e;||divi||400&#8243; icon_placement=\u00bbleft\u00bb admin_label=\u00bbVehicular la integraci\u00f3n social, partiendo del logro de las competencias b\u00e1sicas y de los objetivos curriculares en la etapa de la Educaci\u00f3n Secundaria Obligatoria y la educaci\u00f3n en habilidades sociales.\u00bb _builder_version=\u00bb4.21.0&#8243; background_size=\u00bbinitial\u00bb background_position=\u00bbtop_left\u00bb background_repeat=\u00bbrepeat\u00bb use_border_color=\u00bboff\u00bb border_color=\u00bb#ffffff\u00bb border_style=\u00bbsolid\u00bb global_colors_info=\u00bb{}\u00bb][\/et_pb_blurb][et_pb_blurb title=\u00bbPotenciar sus relaciones interpersonales\u00bb use_icon=\u00bbon\u00bb font_icon=\u00bb&#x5e;||divi||400&#8243; icon_placement=\u00bbleft\u00bb admin_label=\u00bbPotenciar sus relaciones interpersonales.\u00bb _builder_version=\u00bb4.21.0&#8243; background_size=\u00bbinitial\u00bb background_position=\u00bbtop_left\u00bb background_repeat=\u00bbrepeat\u00bb use_border_color=\u00bboff\u00bb border_color=\u00bb#ffffff\u00bb border_style=\u00bbsolid\u00bb global_colors_info=\u00bb{}\u00bb][\/et_pb_blurb][\/et_pb_column_inner][et_pb_column_inner type=\u00bb1_2&#8243; saved_specialty_column_type=\u00bb3_4&#8243; _builder_version=\u00bb4.16&#8243; custom_padding=\u00bb|||\u00bb global_colors_info=\u00bb{}\u00bb custom_padding__hover=\u00bb|||\u00bb][et_pb_blurb title=\u00bbPotenciar la autoestima y la seguridad del alumnado\u00bb use_icon=\u00bbon\u00bb font_icon=\u00bb&#x5e;||divi||400&#8243; icon_placement=\u00bbleft\u00bb admin_label=\u00bbPotenciar la autoestima y la seguridad de los alumnos.\u00bb _builder_version=\u00bb4.21.0&#8243; background_size=\u00bbinitial\u00bb background_position=\u00bbtop_left\u00bb background_repeat=\u00bbrepeat\u00bb use_border_color=\u00bboff\u00bb border_color=\u00bb#ffffff\u00bb border_style=\u00bbsolid\u00bb global_colors_info=\u00bb{}\u00bb][\/et_pb_blurb][et_pb_blurb title=\u00bbFrenar procesos de aislamiento y marginaci\u00f3n, ayudando a construir la identidad personal y de grupo en relaci\u00f3n con la comunidad\u00bb use_icon=\u00bbon\u00bb font_icon=\u00bb&#x5e;||divi||400&#8243; icon_placement=\u00bbleft\u00bb admin_label=\u00bbFrenar procesos de aislamiento y marginaci\u00f3n, ayudando a construir la identidad personal y de grupo en relaci\u00f3n con la comunidad.\u00bb _builder_version=\u00bb4.21.0&#8243; background_size=\u00bbinitial\u00bb background_position=\u00bbtop_left\u00bb background_repeat=\u00bbrepeat\u00bb use_border_color=\u00bboff\u00bb border_color=\u00bb#ffffff\u00bb border_style=\u00bbsolid\u00bb global_colors_info=\u00bb{}\u00bb][\/et_pb_blurb][et_pb_blurb title=\u00bbOfrecer orientaci\u00f3n en la formaci\u00f3n laboral posterior mediante el aprendizaje de tareas, a trav\u00e9s de los talleres de oficios\u00bb use_icon=\u00bbon\u00bb font_icon=\u00bb&#x5e;||divi||400&#8243; icon_placement=\u00bbleft\u00bb admin_label=\u00bbOfrecer orientaci\u00f3n en la formaci\u00f3n laboral posterior mediante el aprendizaje de tareas, a trav\u00e9s de los talleres de oficios.\u00bb _builder_version=\u00bb4.21.0&#8243; background_size=\u00bbinitial\u00bb background_position=\u00bbtop_left\u00bb background_repeat=\u00bbrepeat\u00bb use_border_color=\u00bboff\u00bb border_color=\u00bb#ffffff\u00bb border_style=\u00bbsolid\u00bb global_colors_info=\u00bb{}\u00bb][\/et_pb_blurb][\/et_pb_column_inner][\/et_pb_row_inner][et_pb_row_inner admin_label=\u00bbRow\u00bb _builder_version=\u00bb4.16&#8243; global_colors_info=\u00bb{}\u00bb][et_pb_column_inner saved_specialty_column_type=\u00bb3_4&#8243; _builder_version=\u00bb4.16&#8243; custom_padding=\u00bb|||\u00bb global_colors_info=\u00bb{}\u00bb custom_padding__hover=\u00bb|||\u00bb][et_pb_text admin_label=\u00bbalumnado y m\u00e1s\u00bb _builder_version=\u00bb4.21.0&#8243; background_size=\u00bbinitial\u00bb background_position=\u00bbtop_left\u00bb background_repeat=\u00bbrepeat\u00bb use_border_color=\u00bboff\u00bb border_color=\u00bb#ffffff\u00bb border_style=\u00bbsolid\u00bb global_colors_info=\u00bb{}\u00bb]<\/p>\n<h2>Perfil del alumnado<\/h2>\n<p>La oferta educativa de la escuela va dirigida a <strong>j\u00f3venes<\/strong> de edades comprendidas entre <strong>12 y 20 a\u00f1os con Funcionamiento Intelectual L\u00edmite (FIL), Discapacidad Intelectual Leve (DIL) <\/strong>o otras <strong>diversidades. <\/strong>La mayor\u00eda presentan dificultades en su aprendizaje escolar. Muestran una experiencia acumulada de fracaso escolar y con frecuentes dificultades de estructuraci\u00f3n de la personalidad.<\/p>\n<h2>Metodolog\u00eda<\/h2>\n<p>Nuestra escuela parte de una\u00a0<strong>metodolog\u00eda experiencial<\/strong>, con\u00a0ratios de <strong>8 a 10 alumnos\u00a0por\u00a0aula<\/strong>, con posibilidad de ofrecer grupos flexibles en las \u00e1reas instrumentales. Tenemos un equipo docente profesional, que trabaja con el <strong>apoyo profesional<\/strong> de <strong>psicopedagogos <\/strong>para adaptar los programas\u00a0y los materiales,\u00a0<strong>logopedas<\/strong>\u00a0para potenciar el pensamiento ling\u00fc\u00edstico y <strong>psic\u00f3logos<\/strong> que trabajen en el crecimiento emocional de nuestro alumnado.<\/p>\n<h2>Estructura Curricular<\/h2>\n<p>El programa de la <strong>ESO<\/strong> est\u00e1 dividido en <strong>dos ciclos<\/strong>, de <strong>tres cursos cada uno<\/strong> para un afianzamiento m\u00e1s real de las competencias b\u00e1sicas y una preparaci\u00f3n hacia una orientaci\u00f3n en formaci\u00f3n laboral. En total, son <strong>6 a\u00f1os<\/strong> de formaci\u00f3n.<\/p>\n<h2>Proyectos educativos locales e internacionales<\/h2>\n<ul>\n<li>\n<h5><strong>Agenda 21. Oficina de Recursos Sostenibles (Ayuntamiento\u00a0de Barcelona)<\/strong><\/h5>\n<\/li>\n<\/ul>\n<p>La <strong>Agenda 21<\/strong> escolar es un programa pensado para\u00a0facilitar la implicaci\u00f3n de los centros educativos en el ambicioso proyecto planetario de i<strong>maginar y construir un mundo mejor y m\u00e1s sostenible,<\/strong> mediante una intervenci\u00f3n local.<\/p>\n<ul>\n<li>\n<h5><strong>Audiencia P\u00fablica. Instituto Municipal de\u00a0Educaci\u00f3n de Barcelona (Ayuntamiento\u00a0de Barcelona)<\/strong><\/h5>\n<\/li>\n<\/ul>\n<p>El Instituto de Educaci\u00f3n del Ayuntamiento de Barcelona da la oportunidad a los ni\u00f1os y j\u00f3venes de <strong>participar en la vida p\u00fablica de su comunidad,<\/strong> un derecho que queda recogido en la Declaraci\u00f3n de los Derechos del Ni\u00f1o. Con este objetivo, se organiza una propuesta educativa en la que los j\u00f3venes de Barcelona puedan <strong>reflexionar sobre temas de actualidad que les afectan<\/strong> y expresar su opini\u00f3n en un acto p\u00fablico presidido por el alcalde de la ciudad.<\/p>\n<ul>\n<li>\n<h5><strong>Proyecto\u00a0Erasmus. Uni\u00f3n Europea, Departamento de Educaci\u00f3n y Ministerio de Educaci\u00f3n<\/strong><\/h5>\n<\/li>\n<\/ul>\n<p>El proyecto <strong>Erasmus<\/strong> parte de la Uni\u00f3n Europea y es gestionado por el Departamento de Educaci\u00f3n y el Ministerio de Educaci\u00f3n y Ciencia. Pretende impulsar la movilidad de ideas, de profesionales y de alumnos, promoviendo el <strong>intercambio cultural<\/strong> entre personas originarias de diferentes pa\u00edses europeos involucradas y comprometidas con el mundo de la educaci\u00f3n. El proyecto involucra a todos los grupos de la escuela, mediante actividades que potencien la calidad de vida de las personas con alg\u00fan tipo de discapacidad, con el objetivo de poder compartir con otras escuelas de Europa, realizando intercambios de alumnos.<\/p>\n<p>&nbsp;<\/p>\n<h2>El equipo profesional<\/h2>\n<p>[\/et_pb_text][\/et_pb_column_inner][\/et_pb_row_inner][et_pb_row_inner column_structure=\u00bb1_3,1_3,1_3&#8243; admin_label=\u00bbprofesionales\u00bb _builder_version=\u00bb4.16&#8243; global_colors_info=\u00bb{}\u00bb][et_pb_column_inner type=\u00bb1_3&#8243; saved_specialty_column_type=\u00bb3_4&#8243; _builder_version=\u00bb4.16&#8243; custom_padding=\u00bb|||\u00bb global_colors_info=\u00bb{}\u00bb custom_padding__hover=\u00bb|||\u00bb][et_pb_blurb title=\u00bbMaestros de educaci\u00f3n especial\u00bb use_icon=\u00bbon\u00bb font_icon=\u00bb&#x5e;||divi||400&#8243; icon_placement=\u00bbleft\u00bb admin_label=\u00bbAnuncio\u00bb _builder_version=\u00bb4.21.0&#8243; background_size=\u00bbinitial\u00bb background_position=\u00bbtop_left\u00bb background_repeat=\u00bbrepeat\u00bb use_border_color=\u00bboff\u00bb border_color=\u00bb#ffffff\u00bb border_style=\u00bbsolid\u00bb global_colors_info=\u00bb{}\u00bb][\/et_pb_blurb][et_pb_blurb title=\u00bbLogopedas\u00bb use_icon=\u00bbon\u00bb font_icon=\u00bb&#x5e;||divi||400&#8243; icon_placement=\u00bbleft\u00bb admin_label=\u00bbAnuncio\u00bb _builder_version=\u00bb4.21.0&#8243; background_size=\u00bbinitial\u00bb background_position=\u00bbtop_left\u00bb background_repeat=\u00bbrepeat\u00bb use_border_color=\u00bboff\u00bb border_color=\u00bb#ffffff\u00bb border_style=\u00bbsolid\u00bb global_colors_info=\u00bb{}\u00bb][\/et_pb_blurb][et_pb_blurb title=\u00bbMaestro de educaci\u00f3n f\u00edsica y fisioterapeuta\u00bb use_icon=\u00bbon\u00bb font_icon=\u00bb&#x5e;||divi||400&#8243; icon_placement=\u00bbleft\u00bb admin_label=\u00bbAnuncio\u00bb _builder_version=\u00bb4.21.0&#8243; background_size=\u00bbinitial\u00bb background_position=\u00bbtop_left\u00bb background_repeat=\u00bbrepeat\u00bb use_border_color=\u00bboff\u00bb border_color=\u00bb#ffffff\u00bb border_style=\u00bbsolid\u00bb global_colors_info=\u00bb{}\u00bb][\/et_pb_blurb][\/et_pb_column_inner][et_pb_column_inner type=\u00bb1_3&#8243; saved_specialty_column_type=\u00bb3_4&#8243; _builder_version=\u00bb4.16&#8243; custom_padding=\u00bb|||\u00bb global_colors_info=\u00bb{}\u00bb custom_padding__hover=\u00bb|||\u00bb][et_pb_blurb title=\u00bbPedagogos\/as terapeutas\u00bb use_icon=\u00bbon\u00bb font_icon=\u00bb&#x5e;||divi||400&#8243; icon_placement=\u00bbleft\u00bb admin_label=\u00bbAnuncio\u00bb _builder_version=\u00bb4.21.0&#8243; background_size=\u00bbinitial\u00bb background_position=\u00bbtop_left\u00bb background_repeat=\u00bbrepeat\u00bb use_border_color=\u00bboff\u00bb border_color=\u00bb#ffffff\u00bb border_style=\u00bbsolid\u00bb global_colors_info=\u00bb{}\u00bb][\/et_pb_blurb][et_pb_blurb title=\u00bbTrabajador\/a social\u00bb use_icon=\u00bbon\u00bb font_icon=\u00bb&#x5e;||divi||400&#8243; icon_placement=\u00bbleft\u00bb admin_label=\u00bbAnuncio\u00bb _builder_version=\u00bb4.21.0&#8243; background_size=\u00bbinitial\u00bb background_position=\u00bbtop_left\u00bb background_repeat=\u00bbrepeat\u00bb use_border_color=\u00bboff\u00bb border_color=\u00bb#ffffff\u00bb border_style=\u00bbsolid\u00bb global_colors_info=\u00bb{}\u00bb][\/et_pb_blurb][\/et_pb_column_inner][et_pb_column_inner type=\u00bb1_3&#8243; saved_specialty_column_type=\u00bb3_4&#8243; _builder_version=\u00bb4.16&#8243; custom_padding=\u00bb|||\u00bb global_colors_info=\u00bb{}\u00bb custom_padding__hover=\u00bb|||\u00bb][et_pb_blurb title=\u00bbPsic\u00f3logo\/a\u00bb use_icon=\u00bbon\u00bb font_icon=\u00bb&#x5e;||divi||400&#8243; icon_placement=\u00bbleft\u00bb admin_label=\u00bbAnuncio\u00bb _builder_version=\u00bb4.21.0&#8243; background_size=\u00bbinitial\u00bb background_position=\u00bbtop_left\u00bb background_repeat=\u00bbrepeat\u00bb use_border_color=\u00bboff\u00bb border_color=\u00bb#ffffff\u00bb border_style=\u00bbsolid\u00bb global_colors_info=\u00bb{}\u00bb][\/et_pb_blurb][et_pb_blurb title=\u00bbEducadores\/as\u00bb use_icon=\u00bbon\u00bb font_icon=\u00bb&#x5e;||divi||400&#8243; icon_placement=\u00bbleft\u00bb admin_label=\u00bbAnuncio\u00bb _builder_version=\u00bb4.21.0&#8243; background_size=\u00bbinitial\u00bb background_position=\u00bbtop_left\u00bb background_repeat=\u00bbrepeat\u00bb use_border_color=\u00bboff\u00bb border_color=\u00bb#ffffff\u00bb border_style=\u00bbsolid\u00bb global_colors_info=\u00bb{}\u00bb][\/et_pb_blurb][\/et_pb_column_inner][\/et_pb_row_inner][et_pb_row_inner admin_label=\u00bbRow\u00bb _builder_version=\u00bb4.16&#8243; global_colors_info=\u00bb{}\u00bb][et_pb_column_inner saved_specialty_column_type=\u00bb3_4&#8243; _builder_version=\u00bb4.16&#8243; custom_padding=\u00bb|||\u00bb global_colors_info=\u00bb{}\u00bb custom_padding__hover=\u00bb|||\u00bb][et_pb_text admin_label=\u00bbHorarios y m\u00e1s\u00bb _builder_version=\u00bb4.21.0&#8243; background_size=\u00bbinitial\u00bb background_position=\u00bbtop_left\u00bb background_repeat=\u00bbrepeat\u00bb use_border_color=\u00bboff\u00bb border_color=\u00bb#ffffff\u00bb border_style=\u00bbsolid\u00bb global_colors_info=\u00bb{}\u00bb]<\/p>\n<h2>Horarios<\/h2>\n<p>Los horarios de la escuela son de <strong>lunes a viernes, de 9 a 12.30h y de 15 a 17.00h.<\/strong><\/p>\n<h2>Otros Servicios<\/h2>\n<ul>\n<li><strong>Servicio de Comedor: <\/strong>La escuela ofrece un servicio de comedor, con cocina propia y con men\u00fas elaborados por una dietista. El <strong>horario<\/strong> del comedor es de <strong>lunes a viernes de 12.30 a 15.00h.<\/strong><\/li>\n<li><strong>Actividades Complementarias: <\/strong>Despu\u00e9s del horario de comedor, se ofrecen una serie de <strong>actividades guiadas por educadores y educadoras,<\/strong> con grupos reducidos de 8 alumnos. El rinc\u00f3n del b\u00e1squet, artistas, imagen, videof\u00f3rum, yoga y videojuegos.<\/li>\n<\/ul>\n<p>[\/et_pb_text][\/et_pb_column_inner][\/et_pb_row_inner][et_pb_row_inner admin_label=\u00bbRow\u00bb _builder_version=\u00bb4.16&#8243; global_colors_info=\u00bb{}\u00bb][et_pb_column_inner saved_specialty_column_type=\u00bb3_4&#8243; _builder_version=\u00bb4.16&#8243; custom_padding=\u00bb|||\u00bb global_colors_info=\u00bb{}\u00bb custom_padding__hover=\u00bb|||\u00bb][et_pb_text admin_label=\u00bbIFE\u00bb _builder_version=\u00bb4.21.0&#8243; background_size=\u00bbinitial\u00bb background_position=\u00bbtop_left\u00bb background_repeat=\u00bbrepeat\u00bb use_border_color=\u00bboff\u00bb border_color=\u00bb#ffffff\u00bb border_style=\u00bbsolid\u00bb global_colors_info=\u00bb{}\u00bb]<\/p>\n<h3><strong>Formaci\u00f3n Profesional Adaptada<\/strong><\/h3>\n<h3><strong>1. Itinerarios Formativos Espec\u00edficos \u2013 IFE<\/strong><\/h3>\n<p>Los Itinerarios Formativos Espec\u00edficos <strong>(IFE) de Auxiliar en vendes y atenci\u00f3n al p\u00fablico<\/strong> tienen el objectivo de <b>desarrollar las competencias para hacer tareas auxiliares de\u00a0comercializaci\u00f3n<\/b>, <strong>merchandising<\/strong>,\u00a0<strong>preparaci\u00f3n de comandas i venta de productos<\/strong>, as\u00ed como trabajos de reprograf\u00eda.<\/p>\n<p>Est\u00e1n dirigidos <strong>a j\u00f3venes de entre 16 i 20 a\u00f1os <\/strong>(el a\u00f1o del inicio). Parte de una\u00a0<b>metodolog\u00eda donde el protagonista es el alumnado<\/b>, a partir de las <b>necesidades e intereses de cada persona<\/b>, mediante el trabajo por proyectos y el trabajo cooperativo. Despu\u00e9s de 4 a\u00f1os de formaci\u00f3n se pueden <strong>incorporar al programa de orientaci\u00f3n laboral de la entidad.<\/strong><\/p>\n<p>Trabajamos con grupos de 12 alumnos y con el apoyo de un equipo docente especializado en did\u00e1cticas adecuadas para nuestro alumnado.\u00a0<br \/><b>M\u00e1s informaci\u00f3n:\u00a0<\/b><a style=\"font-weight: bold\" href=\"mailto:eherrera@acidh.org\">eherrera@acidh.org<\/a><br \/><strong><a title=\"\" href=\"https:\/\/acidh.org\/wp-content\/uploads\/2020\/04\/2020_D%C3%ADptic_IFE_acidH_2020_ok.pdf\" target=\"_blank\" rel=\"noopener noreferrer\">Consulta aqu\u00ed el d\u00edptico de IFE<\/a><\/strong><\/p>\n<p>[\/et_pb_text][\/et_pb_column_inner][\/et_pb_row_inner][et_pb_row_inner column_structure=\u00bb1_3,1_3,1_3&#8243; admin_label=\u00bbRow\u00bb _builder_version=\u00bb4.16&#8243; global_colors_info=\u00bb{}\u00bb][et_pb_column_inner type=\u00bb1_3&#8243; saved_specialty_column_type=\u00bb3_4&#8243; _builder_version=\u00bb4.16&#8243; custom_padding=\u00bb|||\u00bb global_colors_info=\u00bb{}\u00bb custom_padding__hover=\u00bb|||\u00bb][et_pb_video src=\u00bbhttps:\/\/youtu.be\/DQtjPB-pzAA\u00bb _builder_version=\u00bb4.21.0&#8243; _module_preset=\u00bbdefault\u00bb global_colors_info=\u00bb{}\u00bb][\/et_pb_video][\/et_pb_column_inner][et_pb_column_inner type=\u00bb1_3&#8243; saved_specialty_column_type=\u00bb3_4&#8243; _builder_version=\u00bb4.16&#8243; custom_padding=\u00bb|||\u00bb global_colors_info=\u00bb{}\u00bb custom_padding__hover=\u00bb|||\u00bb][et_pb_image src=\u00bbhttps:\/\/acidh.org\/areaeducativa\/wp-content\/uploads\/sites\/2\/2020\/11\/dipticempresa.png\u00bb title_text=\u00bbdipticempresa\u00bb url=\u00bbhttps:\/\/acidh.org\/areaeducativa\/wp-content\/uploads\/sites\/2\/2020\/11\/Diptic_FCT_IFE.pdf\u00bb url_new_window=\u00bbon\u00bb admin_label=\u00bbpr\u00e0ctiques ife\u00bb _builder_version=\u00bb4.21.0&#8243; _module_preset=\u00bbdefault\u00bb global_colors_info=\u00bb{}\u00bb][\/et_pb_image][\/et_pb_column_inner][et_pb_column_inner type=\u00bb1_3&#8243; saved_specialty_column_type=\u00bb3_4&#8243; _builder_version=\u00bb4.16&#8243; custom_padding=\u00bb|||\u00bb global_colors_info=\u00bb{}\u00bb custom_padding__hover=\u00bb|||\u00bb][et_pb_image src=\u00bbhttps:\/\/acidh.org\/areaeducativa\/wp-content\/uploads\/sites\/2\/2020\/11\/dipticfct.png\u00bb title_text=\u00bbdipticfct\u00bb url=\u00bbhttps:\/\/acidh.org\/wp-content\/uploads\/2020\/11\/Diptic_PFI_empresa.pdf\u00bb url_new_window=\u00bbon\u00bb admin_label=\u00bbpr\u00e1cticas PFI\u00bb _builder_version=\u00bb4.21.0&#8243; _module_preset=\u00bbdefault\u00bb global_colors_info=\u00bb{}\u00bb][\/et_pb_image][\/et_pb_column_inner][\/et_pb_row_inner][et_pb_row_inner admin_label=\u00bbRow\u00bb _builder_version=\u00bb4.16&#8243; global_colors_info=\u00bb{}\u00bb][et_pb_column_inner saved_specialty_column_type=\u00bb3_4&#8243; _builder_version=\u00bb4.16&#8243; custom_padding=\u00bb|||\u00bb global_colors_info=\u00bb{}\u00bb custom_padding__hover=\u00bb|||\u00bb][et_pb_text admin_label=\u00bbPFI\u00bb _builder_version=\u00bb4.21.0&#8243; background_size=\u00bbinitial\u00bb background_position=\u00bbtop_left\u00bb background_repeat=\u00bbrepeat\u00bb use_border_color=\u00bboff\u00bb border_color=\u00bb#ffffff\u00bb border_style=\u00bbsolid\u00bb global_colors_info=\u00bb{}\u00bb]<\/p>\n<h3><strong>2. Programes de Formaci\u00f3n e Inserci\u00f3n &#8211; PFI<\/strong><\/h3>\n<blockquote>\n<p><strong>Programas de Formaci\u00f3n e Inserci\u00f3n<\/strong> dirigidos a j\u00f3venes, entre 16 i 21 anys, con\u00a0<b>Funcionamiento\u00a0Intelectual\u00a0L\u00edmite (FIL)<\/b>\u00a0o <b>Discapacidad Intelectual Ligera (DIL)<\/b> con <strong>Certificado de Discapacidad<\/strong>\u00a0<strong>igual o superior al 33%<\/strong>, <b>sin <\/b>la <strong>titulaci\u00f3n de la ESO.<\/strong><\/p>\n<\/blockquote>\n<h4>Itinerarios formativos<\/h4>\n<ul>\n<li><strong>Auxiliar d\u2019Actividades de Oficina y de Servicios Administrativos\u00a0<\/strong><b>Generales<\/b><\/li>\n<li><strong>Auxiliar de\u00a0<\/strong><b>Hosteler\u00eda<\/b>: Cocina y Servicios de Restauraci\u00f3n<\/li>\n<\/ul>\n<p>Se imparte una\u00a0<b>formaci\u00f3n\u00a0profesional<\/b> para que se alcancen las competencias laborales a la profesi\u00f3n escogida. Se combina con una\u00a0<b>formaci\u00f3n general,<\/b> para obtener recursos con tal de desarrollarse mejor de manera <strong>personal<\/strong>: conocer el entorno, t\u00e9cnicas de comunicaci\u00f3n, matem\u00e1ticas y b\u00fasqueda de trabajo.<\/p>\n<ul>\n<li>Mejora de les competencias laborales y adquisici\u00f3n de herramientas de crecimiento personal.<\/li>\n<li><strong>Pr\u00e1cticas <\/strong>en <strong>empresas<\/strong> (FCT).<\/li>\n<li>Seguimiento <strong>tutorial\u00a0<\/strong><b>individualizado<\/b>.<\/li>\n<li>Metodolog\u00edas activas i <strong>Trabajo<\/strong> <b>por Proyectos.<\/b><\/li>\n<li>Orientaci\u00f3n y seguimiento del itinerario de inserci\u00f3n laboral.<\/li>\n<\/ul>\n<h4>Calendario y horario escolar<\/h4>\n<p>La duraci\u00f3n es de <b>2 cursos acad\u00e9micos. <\/b>El <strong>calendario<\/strong> sigue la normativa aprobada por el Departament de Educaci\u00f3n cada curso, con su inicio<b> en septiembre y acabando en junio,<\/b> con sus festivos correspondientes y los d\u00edas de libre disposici\u00f3n aprobados por el Consell Escolar Municipal.\u00a0<\/p>\n<p><strong>El horario<\/strong> es matinal, de <strong>8:15 a 14h.<\/strong><\/p>\n<p><em>Escola privada concertada amb el Departament d&#8217;Educaci\u00f3 de la Generalitat de Catalunya.<\/em><\/p>\n<p><b>M\u00e1s informaci\u00f3n: <\/b><a style=\"font-weight: bold\" href=\"mailto:smartos@acidh.org\">smartos@acidh.org<\/a><br \/><a title=\"\" href=\"https:\/\/acidh.org\/wp-content\/uploads\/2020\/04\/2020_D\u00edptic_PFI_acidH_2020ok.pdf\" target=\"_blank\" rel=\"noopener noreferrer\"><b>Consulta aqu\u00ed el d\u00edptico de los PFI<\/b><\/a><\/p>\n<p>[\/et_pb_text][et_pb_text _builder_version=\u00bb4.21.0&#8243; _module_preset=\u00bbdefault\u00bb global_colors_info=\u00bb{}\u00bb]<\/p>\n<h5>\u00bfTIENES UNA EMPRESA Y QUIERES ACTUAR CON RESPONSABILIDAD SOCIAL?<\/h5>\n<p><a title=\"\" href=\"https:\/\/acidh.org\/wp-content\/uploads\/2020\/11\/Diptic_PFI_empresa.pdf\" target=\"_blank\" rel=\"noopener noreferrer\">Consulta aqu\u00ed el <b>d\u00edptico<\/b>\u00a0de <strong>pr\u00e1cticas<\/strong> de PFI<\/a><\/p>\n<p>[\/et_pb_text][\/et_pb_column_inner][\/et_pb_row_inner][et_pb_row_inner admin_label=\u00bbRow\u00bb _builder_version=\u00bb4.16&#8243; global_colors_info=\u00bb{}\u00bb][et_pb_column_inner saved_specialty_column_type=\u00bb3_4&#8243; _builder_version=\u00bb4.16&#8243; custom_padding=\u00bb|||\u00bb global_colors_info=\u00bb{}\u00bb custom_padding__hover=\u00bb|||\u00bb][et_pb_text admin_label=\u00bbExtraescolares\u00bb _builder_version=\u00bb4.21.0&#8243; background_size=\u00bbinitial\u00bb background_position=\u00bbtop_left\u00bb background_repeat=\u00bbrepeat\u00bb use_border_color=\u00bboff\u00bb border_color=\u00bb#ffffff\u00bb border_style=\u00bbsolid\u00bb global_colors_info=\u00bb{}\u00bb]<\/p>\n<h3>Actividades\u00a0Extraescolares<\/h3>\n<p>Las actividades que ofrece la escuela est\u00e1n abiertas al barrio:<\/p>\n<p>[\/et_pb_text][\/et_pb_column_inner][\/et_pb_row_inner][et_pb_row_inner column_structure=\u00bb1_3,1_3,1_3&#8243; admin_label=\u00bbRow\u00bb _builder_version=\u00bb4.16&#8243; global_colors_info=\u00bb{}\u00bb][et_pb_column_inner type=\u00bb1_3&#8243; saved_specialty_column_type=\u00bb3_4&#8243; _builder_version=\u00bb4.16&#8243; custom_padding=\u00bb|||\u00bb global_colors_info=\u00bb{}\u00bb custom_padding__hover=\u00bb|||\u00bb][et_pb_blurb title=\u00bbBaloncesto.\u00bb use_icon=\u00bbon\u00bb font_icon=\u00bb&#x5e;||divi||400&#8243; icon_placement=\u00bbleft\u00bb admin_label=\u00bbAnuncio\u00bb _builder_version=\u00bb4.16&#8243; background_size=\u00bbinitial\u00bb background_position=\u00bbtop_left\u00bb background_repeat=\u00bbrepeat\u00bb use_border_color=\u00bboff\u00bb border_color=\u00bb#ffffff\u00bb border_style=\u00bbsolid\u00bb global_colors_info=\u00bb{}\u00bb] [\/et_pb_blurb][et_pb_blurb title=\u00bbHip Hop.\u00bb use_icon=\u00bbon\u00bb font_icon=\u00bb&#x5e;||divi||400&#8243; icon_placement=\u00bbleft\u00bb admin_label=\u00bbAnuncio\u00bb _builder_version=\u00bb4.16&#8243; background_size=\u00bbinitial\u00bb background_position=\u00bbtop_left\u00bb background_repeat=\u00bbrepeat\u00bb use_border_color=\u00bboff\u00bb border_color=\u00bb#ffffff\u00bb border_style=\u00bbsolid\u00bb global_colors_info=\u00bb{}\u00bb] [\/et_pb_blurb][et_pb_blurb title=\u00bb\u00a1Hacemos de Periodistas!\u00bb use_icon=\u00bbon\u00bb font_icon=\u00bb&#x5e;||divi||400&#8243; icon_placement=\u00bbleft\u00bb admin_label=\u00bbAnuncio\u00bb _builder_version=\u00bb4.16&#8243; background_size=\u00bbinitial\u00bb background_position=\u00bbtop_left\u00bb background_repeat=\u00bbrepeat\u00bb use_border_color=\u00bboff\u00bb border_color=\u00bb#ffffff\u00bb border_style=\u00bbsolid\u00bb global_colors_info=\u00bb{}\u00bb] [\/et_pb_blurb][\/et_pb_column_inner][et_pb_column_inner type=\u00bb1_3&#8243; saved_specialty_column_type=\u00bb3_4&#8243; _builder_version=\u00bb4.16&#8243; custom_padding=\u00bb|||\u00bb global_colors_info=\u00bb{}\u00bb custom_padding__hover=\u00bb|||\u00bb][et_pb_blurb title=\u00bbTenis de mesa.\u00bb use_icon=\u00bbon\u00bb font_icon=\u00bb&#x5e;||divi||400&#8243; icon_placement=\u00bbleft\u00bb admin_label=\u00bbAnuncio\u00bb _builder_version=\u00bb4.16&#8243; background_size=\u00bbinitial\u00bb background_position=\u00bbtop_left\u00bb background_repeat=\u00bbrepeat\u00bb use_border_color=\u00bboff\u00bb border_color=\u00bb#ffffff\u00bb border_style=\u00bbsolid\u00bb global_colors_info=\u00bb{}\u00bb] [\/et_pb_blurb][et_pb_blurb title=\u00bbRefuerzo escolar.\u00bb use_icon=\u00bbon\u00bb font_icon=\u00bb&#x5e;||divi||400&#8243; icon_placement=\u00bbleft\u00bb admin_label=\u00bbAnuncio\u00bb _builder_version=\u00bb4.16&#8243; background_size=\u00bbinitial\u00bb background_position=\u00bbtop_left\u00bb background_repeat=\u00bbrepeat\u00bb use_border_color=\u00bboff\u00bb border_color=\u00bb#ffffff\u00bb border_style=\u00bbsolid\u00bb global_colors_info=\u00bb{}\u00bb] [\/et_pb_blurb][\/et_pb_column_inner][et_pb_column_inner type=\u00bb1_3&#8243; saved_specialty_column_type=\u00bb3_4&#8243; _builder_version=\u00bb4.16&#8243; custom_padding=\u00bb|||\u00bb global_colors_info=\u00bb{}\u00bb custom_padding__hover=\u00bb|||\u00bb][et_pb_blurb title=\u00bbTeatro y Rodando y Acci\u00f3n.\u00bb use_icon=\u00bbon\u00bb font_icon=\u00bb&#x5e;||divi||400&#8243; icon_placement=\u00bbleft\u00bb admin_label=\u00bbAnuncio\u00bb _builder_version=\u00bb4.16&#8243; background_size=\u00bbinitial\u00bb background_position=\u00bbtop_left\u00bb background_repeat=\u00bbrepeat\u00bb use_border_color=\u00bboff\u00bb border_color=\u00bb#ffffff\u00bb border_style=\u00bbsolid\u00bb global_colors_info=\u00bb{}\u00bb] [\/et_pb_blurb][et_pb_blurb title=\u00bbIngl\u00e9s.\u00bb use_icon=\u00bbon\u00bb font_icon=\u00bb&#x5e;||divi||400&#8243; icon_placement=\u00bbleft\u00bb admin_label=\u00bbAnuncio\u00bb _builder_version=\u00bb4.16&#8243; background_size=\u00bbinitial\u00bb background_position=\u00bbtop_left\u00bb background_repeat=\u00bbrepeat\u00bb use_border_color=\u00bboff\u00bb border_color=\u00bb#ffffff\u00bb border_style=\u00bbsolid\u00bb global_colors_info=\u00bb{}\u00bb] [\/et_pb_blurb][\/et_pb_column_inner][\/et_pb_row_inner][\/et_pb_column][et_pb_column type=\u00bb1_4&#8243; _builder_version=\u00bb4.16&#8243; custom_padding=\u00bb|||\u00bb global_colors_info=\u00bb{}\u00bb custom_padding__hover=\u00bb|||\u00bb][et_pb_text admin_label=\u00bbTexto\u00bb _builder_version=\u00bb4.16&#8243; background_size=\u00bbinitial\u00bb background_position=\u00bbtop_left\u00bb background_repeat=\u00bbrepeat\u00bb use_border_color=\u00bboff\u00bb border_color=\u00bb#ffffff\u00bb border_style=\u00bbsolid\u00bb global_colors_info=\u00bb{}\u00bb] <script type=\"text\/javascript\">\n\/* <![CDATA[ *\/\nvar gform;gform||(document.addEventListener(\"gform_main_scripts_loaded\",function(){gform.scriptsLoaded=!0}),document.addEventListener(\"gform\/theme\/scripts_loaded\",function(){gform.themeScriptsLoaded=!0}),window.addEventListener(\"DOMContentLoaded\",function(){gform.domLoaded=!0}),gform={domLoaded:!1,scriptsLoaded:!1,themeScriptsLoaded:!1,isFormEditor:()=>\"function\"==typeof InitializeEditor,callIfLoaded:function(o){return!(!gform.domLoaded||!gform.scriptsLoaded||!gform.themeScriptsLoaded&&!gform.isFormEditor()||(gform.isFormEditor()&&console.warn(\"The use of gform.initializeOnLoaded() is deprecated in the form editor context and will be removed in Gravity Forms 3.1.\"),o(),0))},initializeOnLoaded:function(o){gform.callIfLoaded(o)||(document.addEventListener(\"gform_main_scripts_loaded\",()=>{gform.scriptsLoaded=!0,gform.callIfLoaded(o)}),document.addEventListener(\"gform\/theme\/scripts_loaded\",()=>{gform.themeScriptsLoaded=!0,gform.callIfLoaded(o)}),window.addEventListener(\"DOMContentLoaded\",()=>{gform.domLoaded=!0,gform.callIfLoaded(o)}))},hooks:{action:{},filter:{}},addAction:function(o,r,e,t){gform.addHook(\"action\",o,r,e,t)},addFilter:function(o,r,e,t){gform.addHook(\"filter\",o,r,e,t)},doAction:function(o){gform.doHook(\"action\",o,arguments)},applyFilters:function(o){return gform.doHook(\"filter\",o,arguments)},removeAction:function(o,r){gform.removeHook(\"action\",o,r)},removeFilter:function(o,r,e){gform.removeHook(\"filter\",o,r,e)},addHook:function(o,r,e,t,n){null==gform.hooks[o][r]&&(gform.hooks[o][r]=[]);var d=gform.hooks[o][r];null==n&&(n=r+\"_\"+d.length),gform.hooks[o][r].push({tag:n,callable:e,priority:t=null==t?10:t})},doHook:function(r,o,e){var t;if(e=Array.prototype.slice.call(e,1),null!=gform.hooks[r][o]&&((o=gform.hooks[r][o]).sort(function(o,r){return o.priority-r.priority}),o.forEach(function(o){\"function\"!=typeof(t=o.callable)&&(t=window[t]),\"action\"==r?t.apply(null,e):e[0]=t.apply(null,e)})),\"filter\"==r)return e[0]},removeHook:function(o,r,t,n){var e;null!=gform.hooks[o][r]&&(e=(e=gform.hooks[o][r]).filter(function(o,r,e){return!!(null!=n&&n!=o.tag||null!=t&&t!=o.priority)}),gform.hooks[o][r]=e)}});\n\/* ]]> *\/\n<\/script>\n\n                <div class='gf_browser_gecko gform_wrapper gform_legacy_markup_wrapper gform-theme--no-framework contacta-acidh_wrapper' data-form-theme='legacy' data-form-index='0' id='gform_wrapper_2' style='display:none'>\n                        <div class='gform_heading'>\n                            <h3 class=\"gform_title\">Ajuda'ns!<\/h3>\n                            <p class='gform_description'>Qualsevol aportaci\u00f3 \u00e9s bona, et necessitem.<strong> No t'ho pensis!<\/strong>\r\n<\/p>\n                        <\/div><form method='post' enctype='multipart\/form-data'  id='gform_2' class='contacta-acidh' action='\/areaeducativa\/wp-json\/wp\/v2\/pages\/324' data-formid='2' novalidate>\n                        <div class='gform-body gform_body'><ul id='gform_fields_2' class='gform_fields top_label form_sublabel_below description_below validation_below'><li id=\"field_2_5\" class=\"gfield gfield--type-checkbox gfield--type-choice bold gfield_contains_required field_sublabel_below gfield--no-description field_description_below field_validation_below gfield_visibility_visible\"  ><label class='gfield_label gform-field-label gfield_label_before_complex' >Ens vols fer un donatiu?<span class=\"gfield_required\"><span class=\"gfield_required gfield_required_asterisk\">*<\/span><\/span><\/label><div class='ginput_container ginput_container_checkbox'><ul class='gfield_checkbox' id='input_2_5'><li class='gchoice gchoice_2_5_1'>\n\t\t\t\t\t\t\t\t<input class='gfield-choice-input' name='input_5.1' type='checkbox'  value='Si'  id='choice_2_5_1'   \/>\n\t\t\t\t\t\t\t\t<label for='choice_2_5_1' id='label_2_5_1' class='gform-field-label gform-field-label--type-inline'>Si<\/label>\n\t\t\t\t\t\t\t<\/li><\/ul><\/div><\/li><li id=\"field_2_3\" class=\"gfield gfield--type-text field_sublabel_below gfield--no-description field_description_below field_validation_below gfield_visibility_visible\"  ><label class='gfield_label gform-field-label' for='input_2_3'>Ens vols deixar el teu nom?<\/label><div class='ginput_container ginput_container_text'><input name='input_3' id='input_2_3' type='text' value='' class='medium'      aria-invalid=\"false\"   \/><\/div><\/li><li id=\"field_2_6\" class=\"gfield gfield--type-product gfield--input-type-price gfield_price gfield_price_2_6 gfield_product_2_6 gfield_contains_required field_sublabel_below gfield--no-description field_description_below field_validation_below gfield_visibility_visible\"  ><label class='gfield_label gform-field-label' for='input_2_6'>Tu tries la quantitat:<span class=\"gfield_required\"><span class=\"gfield_required gfield_required_asterisk\">*<\/span><\/span><\/label><div class='ginput_container ginput_container_product_price'>\n\t\t\t\t\t<input name='input_6' id='input_2_6' type='text' value='' class='small ginput_amount'   aria-required=\"true\" aria-invalid=\"false\"  \/>\n\t\t\t\t<\/div><\/li><\/ul><\/div>\n        <div class='gform-footer gform_footer top_label'> <input type='submit' id='gform_submit_button_2' class='gform_button button' onclick='gform.submission.handleButtonClick(this);' data-submission-type='submit' value='Donar'  \/> \n            <input type='hidden' class='gform_hidden' name='gform_submission_method' data-js='gform_submission_method_2' value='postback' \/>\n            <input type='hidden' class='gform_hidden' name='gform_theme' data-js='gform_theme_2' id='gform_theme_2' value='legacy' \/>\n            <input type='hidden' class='gform_hidden' name='gform_style_settings' data-js='gform_style_settings_2' id='gform_style_settings_2' value='[]' \/>\n            <input type='hidden' class='gform_hidden' name='is_submit_2' value='1' \/>\n            <input type='hidden' class='gform_hidden' name='gform_submit' value='2' \/>\n            \n            <input type='hidden' class='gform_hidden' name='gform_currency' data-currency='EUR' value='yzwvETfGZn7zG4NWT97PxEUd+Vg8wIDBDFuTr32j3GsvFzB8kRGTPjgUYUoyhkW3NTyUbDNagWO4xq8xbJoHaRCTTXXc3vpn5Fq7v13dGakEctk=' \/>\n            <input type='hidden' class='gform_hidden' name='gform_unique_id' value='' \/>\n            <input type='hidden' class='gform_hidden' name='state_2' value='WyJbXSIsIjExN2MyMDUwZmFjNjNlYjg1NjNmNjNmOTVlOTgzMTQ1Il0=' \/>\n            <input type='hidden' autocomplete='off' class='gform_hidden' name='gform_target_page_number_2' id='gform_target_page_number_2' value='0' \/>\n            <input type='hidden' autocomplete='off' class='gform_hidden' name='gform_source_page_number_2' id='gform_source_page_number_2' value='1' \/>\n            <input type='hidden' name='gform_field_values' value='' \/>\n            \n        <\/div>\n                        <\/form>\n                        <\/div><script type=\"text\/javascript\">\n\/* <![CDATA[ *\/\n gform.initializeOnLoaded( function() {gformInitSpinner( 2, 'https:\/\/acidh.org\/areaeducativa\/wp-content\/plugins\/gravityforms\/images\/spinner.svg', true );jQuery('#gform_ajax_frame_2').on('load',function(){var contents = jQuery(this).contents().find('*').html();var is_postback = contents.indexOf('GF_AJAX_POSTBACK') >= 0;if(!is_postback){return;}var form_content = jQuery(this).contents().find('#gform_wrapper_2');var is_confirmation = jQuery(this).contents().find('#gform_confirmation_wrapper_2').length > 0;var is_redirect = contents.indexOf('gformRedirect(){') >= 0;var is_form = form_content.length > 0 && ! is_redirect && ! is_confirmation;var mt = parseInt(jQuery('html').css('margin-top'), 10) + parseInt(jQuery('body').css('margin-top'), 10) + 100;if(is_form){form_content.find('form').css('opacity', 0);jQuery('#gform_wrapper_2').html(form_content.html());if(form_content.hasClass('gform_validation_error')){jQuery('#gform_wrapper_2').addClass('gform_validation_error');} else {jQuery('#gform_wrapper_2').removeClass('gform_validation_error');}setTimeout( function() { \/* delay the scroll by 50 milliseconds to fix a bug in chrome *\/  }, 50 );if(window['gformInitDatepicker']) {gformInitDatepicker();}if(window['gformInitPriceFields']) {gformInitPriceFields();}var current_page = jQuery('#gform_source_page_number_2').val();gformInitSpinner( 2, 'https:\/\/acidh.org\/areaeducativa\/wp-content\/plugins\/gravityforms\/images\/spinner.svg', true );jQuery(document).trigger('gform_page_loaded', [2, current_page]);window['gf_submitting_2'] = false;}else if(!is_redirect){var confirmation_content = jQuery(this).contents().find('.GF_AJAX_POSTBACK').html();if(!confirmation_content){confirmation_content = contents;}jQuery('#gform_wrapper_2').replaceWith(confirmation_content);jQuery(document).trigger('gform_confirmation_loaded', [2]);window['gf_submitting_2'] = false;wp.a11y.speak(jQuery('#gform_confirmation_message_2').text());}else{jQuery('#gform_2').append(contents);if(window['gformRedirect']) {gformRedirect();}}jQuery(document).trigger(\"gform_pre_post_render\", [{ formId: \"2\", currentPage: \"current_page\", abort: function() { this.preventDefault(); } }]);        if (event && event.defaultPrevented) {                return;        }        const gformWrapperDiv = document.getElementById( \"gform_wrapper_2\" );        if ( gformWrapperDiv ) {            const visibilitySpan = document.createElement( \"span\" );            visibilitySpan.id = \"gform_visibility_test_2\";            gformWrapperDiv.insertAdjacentElement( \"afterend\", visibilitySpan );        }        const visibilityTestDiv = document.getElementById( \"gform_visibility_test_2\" );        let postRenderFired = false;        function triggerPostRender() {            if ( postRenderFired ) {                return;            }            postRenderFired = true;            gform.core.triggerPostRenderEvents( 2, current_page );            if ( visibilityTestDiv ) {                visibilityTestDiv.parentNode.removeChild( visibilityTestDiv );            }        }        function debounce( func, wait, immediate ) {            var timeout;            return function() {                var context = this, args = arguments;                var later = function() {                    timeout = null;                    if ( !immediate ) func.apply( context, args );                };                var callNow = immediate && !timeout;                clearTimeout( timeout );                timeout = setTimeout( later, wait );                if ( callNow ) func.apply( context, args );            };        }        const debouncedTriggerPostRender = debounce( function() {            triggerPostRender();        }, 200 );        if ( visibilityTestDiv && visibilityTestDiv.offsetParent === null ) {            const observer = new MutationObserver( ( mutations ) => {                mutations.forEach( ( mutation ) => {                    if ( mutation.type === 'attributes' && visibilityTestDiv.offsetParent !== null ) {                        debouncedTriggerPostRender();                        observer.disconnect();                    }                });            });            observer.observe( document.body, {                attributes: true,                childList: false,                subtree: true,                attributeFilter: [ 'style', 'class' ],            });        } else {            triggerPostRender();        }    } );} ); \n\/* ]]> *\/\n<\/script>\n [\/et_pb_text][et_pb_gallery gallery_ids=\u00bb190,2302,2300,2298,2296,2293,2289,2291,2287&#8243; gallery_orderby=\u00bbrand\u00bb posts_number=\u00bb12&#8243; show_title_and_caption=\u00bboff\u00bb show_pagination=\u00bboff\u00bb admin_label=\u00bbGaleria 12&#8243; _builder_version=\u00bb4.21.0&#8243; use_border_color=\u00bboff\u00bb border_color=\u00bb#ffffff\u00bb border_style=\u00bbsolid\u00bb saved_tabs=\u00bball\u00bb global_colors_info=\u00bb{}\u00bb] [\/et_pb_gallery][\/et_pb_column][\/et_pb_section]<\/p>\n","protected":false},"excerpt":{"rendered":"<p>Escuela de Vida Montserrat Centro de Educaci\u00f3n Especial concertado por el Departament d&#8217;Educaci\u00f3 de la Generalitat de Catalunya Se imparte Formaci\u00f3n\u00a0Obligatoria, con el programa de ESO adaptada\u00a0i\u00a0Formaci\u00f3n\u00a0Postobligatoria (FP) con dos modalidades diferentes, los Programas de Formaci\u00f3n e Inserci\u00f3n (PFI) i los Itinerarios Formativos Espec\u00edficos (IFE). Educaci\u00f3n Secundaria Obligatoria Adaptada &#8211; ESO La ESO Adaptada pretende [&hellip;]<\/p>\n","protected":false},"author":1,"featured_media":0,"parent":0,"menu_order":0,"comment_status":"closed","ping_status":"closed","template":"","meta":{"_et_pb_use_builder":"on","_et_pb_old_content":"<p>L'Escola ofereix una Educaci\u00f3 Secund\u00e0ria Obligat\u00f2ria amb modificaci\u00f3 curricular de centre, que pret\u00e9n potenciar al m\u00e0xim les seves capacitats intel\u00b7lectuals, emocionals i socials:<\/p><p>\u00a0\u00a0 Adaptant-se, a cada moment, a l'estil d'aprenentatge de cada alumne amb metodologies experiencials i amb una r\u00e0tio redu\u00efda.<\/p><p>\u00a0\u00a0 Partint d'una visi\u00f3 global de la persona, on l'objectiu principal \u00e9s el creixement en tots el \u00e0mbits.<\/p><p>\u00a0\u00a0 Participant en projectes educatius d'\u00e0mbit local, a fi de potenciar la inclusi\u00f3 social dels alumnes.<\/p><p>\u00a0\u00a0 Oferint, des del Consell Orientador, una orientaci\u00f3 a l'alumne en quant a la seva formaci\u00f3 laboral, partint de les seves habilitats i necessitats.<\/p><p>\u00a0<\/p><p>Centre concertat amb el Departament d'Educaci\u00f3. S'imparteix l'Educaci\u00f3 Secund\u00e0ria Obligat\u00f2ria amb modificaci\u00f3 curricular de centre autoritzat pel Departament d'Educaci\u00f3 en la Resoluci\u00f3 de 4 d'octubre de 2002.<\/p><p>OBJECTIUS PEDAG\u00d2GICS<\/p><p>\u00a0\u00a0 Millorar les aptituds, actituds i habilitats de l'alumne.<\/p><p>\u00a0\u00a0 Potenciar l'autoestima i la seguretat dels alumnes.<\/p><p>\u00a0\u00a0 Potenciar les seves relacions interpersonals.<\/p><p>\u00a0\u00a0 Vehicular la integraci\u00f3 social, partint de l'assoliment de les compet\u00e8ncies b\u00e0siques i dels objectius curriculars en l'etapa d'Educaci\u00f3 Secund\u00e0ria Obligat\u00f2ria i l'educaci\u00f3 en habilitats socials.<\/p><p>\u00a0\u00a0 Frenar processos d'a\u00efllament i marginaci\u00f3, ajudant a construir la identitat personal i de grup en relaci\u00f3 a la comunitat.<\/p><p>\u00a0\u00a0 Oferir orientaci\u00f3 en la formaci\u00f3 laboral posterior mitjan\u00e7ant l'aprenentatge de tasques, a trav\u00e9s dels tallers d'oficis.<\/p><p>\u00a0<\/p><p>PERFIL DE L'ALUMNAT<\/p><p>L'oferta educativa de l'escola va dirigida a nois i noies d'edats compreses entre 12 i 20 anys amb capacitat intel\u00b7lectual l\u00edmit originada per diferents causes org\u00e0niques i\/o socioambientals.<\/p><p>La majoria s\u00f3n nois i noies que presenten un clar retard en el seu aprenentatge escolar. Mostren una experi\u00e8ncia acumulada de frac\u00e0s escolar i amb freq\u00fcents dificultats d'estructuraci\u00f3 de la personalitat.<\/p><p>\u00a0<\/p><p>METODOLOGIA<\/p><p>La nostra escola, parteix d'una metodologia experiencial, amb ratios de 8 a 10 alumnes per aula, amb possibilitat d'oferir grups flexibles en les \u00e0rees instrumentals. Amb el suport professional de psicopedagogs per a adaptar els programes i els materials, logopedes per a potenciar el pensament ling\u00fc\u00edstic i psic\u00f2legs que treballen en el creixement emocional dels nostres alumnes i tot un equip docent especialitzat en din\u00e0miques adequades pels alumnes amb aquestes caracter\u00edstiques. Tot aquest conjunt de coneixement i experi\u00e8ncia permeten un aprenentatge m\u00e9s significatiu, un creixement m\u00e9s satisfactori i l'assoliment de les compet\u00e8ncies b\u00e0siques de l'etapa.<\/p><p>ESTRUCTURA CURRICULAR<\/p><p>El programa d'ESO, est\u00e0 dividit en dos cicles, de tres cursos cadascun per a un afian\u00e7ament m\u00e9s real de les compet\u00e8ncies b\u00e0siques i una preparaci\u00f3 cap a l'orientaci\u00f3 en formaci\u00f3 laboral.<\/p><p>PROJECTES EDUCATIUS D'\u00c0MBIT LOCAL I INTERNACIONAL AMB ELS QUE TREBALLEM\u00a0\u00a0<\/p><p>\u00a0<\/p><p>\u00a0\u00a0 Agenda 21. Oficina de Recursos Sostenibles (Ajuntament de Barcelona)<\/p><p>\u00a0\u00a0 L'Agenda 21 escolar \u00e9s un programa pensat per facilitar la implicaci\u00f3 dels centres educatius en l'ambici\u00f3s projecte planetari d'imaginar i construir un m\u00f3n millor i m\u00e9s sostenible, mitjan\u00e7ant una intervenci\u00f3 local.<\/p><p>\u00a0\u00a0 Audi\u00e8ncia P\u00fablica. Institut Municipal d'Educaci\u00f3 de Barcelona (Ajuntament de Barcelona)<\/p><p>\u00a0\u00a0 L'Institut d'Educaci\u00f3 de l'Ajuntament de Barcelona d\u00f3na l'oportunitat als infants i joves de participar en la vida p\u00fablica de la seva comunitat, un dret que queda recollit en la Declaraci\u00f3 dels Drets de l'Infant. Amb aquest objectiu, s'organitza una proposta educativa en la qual els joves de Barcelona puguin reflexionar sobre temes d'actualitat que els afecten i expressar la seva opini\u00f3 en un acte p\u00fablic presidit per l'alcalde de la ciutat.<\/p><p>\u00a0\u00a0 Projecte Erasmus. Uni\u00f3 Europea, Departament d'Educaci\u00f3 i Ministeri d'Educaci\u00f3<\/p><p>\u00a0\u00a0 El projecte Erasmus parteix de la Uni\u00f3 Europea i \u00e9s gestionat pel Departament d'Educaci\u00f3 i el Ministeri d'Educaci\u00f3 i Ci\u00e8ncia. Pret\u00e9n impulsar la mobilitat d'idees, de professionals i d'alumnes, promovent l'intercanvi cultural entre persones origin\u00e0ries de diferents pa\u00efsos europeus involucrades i compromeses amb el m\u00f3n de l'educaci\u00f3.<\/p><p>\u00a0\u00a0 El projecte involucra tots els grups de l'escola, mitjan\u00e7ant activitats que potenci\u00efn la qualitat de vida de les persones amb algun tipus de discapacitat, amb l'objectiu de poder-lo compartir amb altres escoles d'Europa, realitzant intercanvis d'alumnes.<\/p><p>\u00a0\u00a0<\/p><p>\u00a0<\/p><p>EQUIP DE PROFESSIONALS<\/p><p>\u00a0<\/p><p>L'equip de professionals est\u00e0 format per:<\/p><p>\u00a0<\/p><p>\u00a0\u00a0 Mestres d'educaci\u00f3 especial<\/p><p>\u00a0\u00a0 Pedagog\/a terapeutes<\/p><p>\u00a0\u00a0 Psic\u00f2leg \/a<\/p><p>\u00a0\u00a0 Logopeda<\/p><p>\u00a0\u00a0 Treballador\/a social<\/p><p>\u00a0\u00a0 Educadors\/es<\/p><p>\u00a0\u00a0 Mestre d'educaci\u00f3 f\u00edsica i fisioterapeuta<\/p><p>\u00a0<\/p><p>HORARIS<\/p><p>\u00a0<\/p><p>Els horaris de l'escola son, de dilluns a divendres, de 9 a 12,30 i de 15 a 17.<\/p><p>ALTRES SERVEIS<\/p><p>\u00a0<\/p><p>\u00a0\u00a0 Servei de Menjador<\/p><p>\u00a0<\/p><p>\u00a0\u00a0 L'escola ofereix servei de menjador, amb cuina pr\u00f2pia i amb men\u00fas elaborats per una dietista. L'horari de menjador \u00e9s dilluns a divendres de 12,30 a 15.<\/p><p>\u00a0\u00a0 Activitats Complement\u00e0ries<\/p><p>\u00a0<\/p><p>\u00a0\u00a0 Despr\u00e9s de l'horari de menjador, s'ofereixen tot un seguit d'activitats guiades per educadors i educadores, amb grups redu\u00efts de 8 alumnes:<\/p><p>\u00a0<\/p><p>\u00a0\u00a0\u00a0\u00a0\u00a0\u00a0 Rac\u00f3 de b\u00e0squet.<\/p><p>\u00a0\u00a0\u00a0\u00a0\u00a0\u00a0 Rac\u00f3 d'artistes.<\/p><p>\u00a0\u00a0\u00a0\u00a0\u00a0\u00a0 Rac\u00f3 d'imatge.<\/p><p>\u00a0\u00a0\u00a0\u00a0\u00a0\u00a0 Rac\u00f3 de videof\u00f2rum.<\/p><p>\u00a0\u00a0\u00a0\u00a0\u00a0\u00a0 Rac\u00f3 de ioga.<\/p><p>\u00a0\u00a0\u00a0\u00a0\u00a0\u00a0 Rac\u00f3 de jocs.<\/p><p>\u00a0<\/p><p>\u00a0\u00a0 Activitats Extraescolars<\/p><p>\u00a0<\/p><p>\u00a0\u00a0 Les activitats que ofereix l'escola son obertes al barri:<\/p><p>\u00a0<\/p><p>\u00a0\u00a0\u00a0\u00a0\u00a0\u00a0 B\u00e0squet<\/p><p>\u00a0\u00a0\u00a0\u00a0 Tennis Taula<\/p><p>\u00a0\u00a0\u00a0\u00a0\u00a0\u00a0 Teatre i Rodant i Acci\u00f3<\/p><p>\u00a0\u00a0\u00a0\u00a0\u00a0\u00a0 Hip Hop<\/p><p>\u00a0\u00a0\u00a0\u00a0\u00a0\u00a0 Refor\u00e7 escolar<\/p><p>\u00a0\u00a0\u00a0\u00a0\u00a0\u00a0 Angl\u00e8s<\/p><p>\u00a0\u00a0\u00a0\u00a0 Fem de Periodistes<\/p>","_et_gb_content_width":"","footnotes":""},"class_list":["post-324","page","type-page","status-publish","hentry"],"yoast_head":"<!-- This site is optimized with the Yoast SEO plugin v27.4 - https:\/\/yoast.com\/product\/yoast-seo-wordpress\/ -->\n<title>Escuela de Vida Montserrat - \u00c0rea Educativa<\/title>\n<meta name=\"robots\" content=\"index, follow, max-snippet:-1, max-image-preview:large, max-video-preview:-1\" \/>\n<link rel=\"canonical\" href=\"https:\/\/acidh.org\/areaeducativa\/es\/escuela-de-vida-montserrat\/\" \/>\n<meta property=\"og:locale\" content=\"es_ES\" \/>\n<meta property=\"og:type\" content=\"article\" \/>\n<meta property=\"og:title\" content=\"Escuela de Vida Montserrat - \u00c0rea Educativa\" \/>\n<meta property=\"og:description\" content=\"Escuela de Vida Montserrat Centro de Educaci\u00f3n Especial concertado por el Departament d&#039;Educaci\u00f3 de la Generalitat de Catalunya Se imparte Formaci\u00f3n\u00a0Obligatoria, con el programa de ESO adaptada\u00a0i\u00a0Formaci\u00f3n\u00a0Postobligatoria (FP) con dos modalidades diferentes, los Programas de Formaci\u00f3n e Inserci\u00f3n (PFI) i los Itinerarios Formativos Espec\u00edficos (IFE). Educaci\u00f3n Secundaria Obligatoria Adaptada - ESO La ESO Adaptada pretende [&hellip;]\" \/>\n<meta property=\"og:url\" content=\"https:\/\/acidh.org\/areaeducativa\/es\/escuela-de-vida-montserrat\/\" \/>\n<meta property=\"og:site_name\" content=\"\u00c0rea Educativa\" \/>\n<meta property=\"article:modified_time\" content=\"2023-08-23T09:21:32+00:00\" \/>\n<meta name=\"twitter:card\" content=\"summary_large_image\" \/>\n<meta name=\"twitter:label1\" content=\"Tiempo de lectura\" \/>\n\t<meta name=\"twitter:data1\" content=\"8 minutos\" \/>\n<script type=\"application\/ld+json\" class=\"yoast-schema-graph\">{\"@context\":\"https:\\\/\\\/schema.org\",\"@graph\":[{\"@type\":\"WebPage\",\"@id\":\"https:\\\/\\\/acidh.org\\\/areaeducativa\\\/es\\\/escuela-de-vida-montserrat\\\/\",\"url\":\"https:\\\/\\\/acidh.org\\\/areaeducativa\\\/es\\\/escuela-de-vida-montserrat\\\/\",\"name\":\"Escuela de Vida Montserrat - \u00c0rea Educativa\",\"isPartOf\":{\"@id\":\"https:\\\/\\\/acidh.org\\\/areaeducativa\\\/es\\\/#website\"},\"datePublished\":\"2015-10-12T15:09:37+00:00\",\"dateModified\":\"2023-08-23T09:21:32+00:00\",\"breadcrumb\":{\"@id\":\"https:\\\/\\\/acidh.org\\\/areaeducativa\\\/es\\\/escuela-de-vida-montserrat\\\/#breadcrumb\"},\"inLanguage\":\"es\",\"potentialAction\":[{\"@type\":\"ReadAction\",\"target\":[\"https:\\\/\\\/acidh.org\\\/areaeducativa\\\/es\\\/escuela-de-vida-montserrat\\\/\"]}]},{\"@type\":\"BreadcrumbList\",\"@id\":\"https:\\\/\\\/acidh.org\\\/areaeducativa\\\/es\\\/escuela-de-vida-montserrat\\\/#breadcrumb\",\"itemListElement\":[{\"@type\":\"ListItem\",\"position\":1,\"name\":\"Portada\",\"item\":\"https:\\\/\\\/acidh.org\\\/areaeducativa\\\/\"},{\"@type\":\"ListItem\",\"position\":2,\"name\":\"Escuela de Vida Montserrat\"}]},{\"@type\":\"WebSite\",\"@id\":\"https:\\\/\\\/acidh.org\\\/areaeducativa\\\/es\\\/#website\",\"url\":\"https:\\\/\\\/acidh.org\\\/areaeducativa\\\/es\\\/\",\"name\":\"\u00c0rea Educativa\",\"description\":\"AcidH\",\"potentialAction\":[{\"@type\":\"SearchAction\",\"target\":{\"@type\":\"EntryPoint\",\"urlTemplate\":\"https:\\\/\\\/acidh.org\\\/areaeducativa\\\/es\\\/?s={search_term_string}\"},\"query-input\":{\"@type\":\"PropertyValueSpecification\",\"valueRequired\":true,\"valueName\":\"search_term_string\"}}],\"inLanguage\":\"es\"}]}<\/script>\n<!-- \/ Yoast SEO plugin. -->","yoast_head_json":{"title":"Escuela de Vida Montserrat - \u00c0rea Educativa","robots":{"index":"index","follow":"follow","max-snippet":"max-snippet:-1","max-image-preview":"max-image-preview:large","max-video-preview":"max-video-preview:-1"},"canonical":"https:\/\/acidh.org\/areaeducativa\/es\/escuela-de-vida-montserrat\/","og_locale":"es_ES","og_type":"article","og_title":"Escuela de Vida Montserrat - \u00c0rea Educativa","og_description":"Escuela de Vida Montserrat Centro de Educaci\u00f3n Especial concertado por el Departament d'Educaci\u00f3 de la Generalitat de Catalunya Se imparte Formaci\u00f3n\u00a0Obligatoria, con el programa de ESO adaptada\u00a0i\u00a0Formaci\u00f3n\u00a0Postobligatoria (FP) con dos modalidades diferentes, los Programas de Formaci\u00f3n e Inserci\u00f3n (PFI) i los Itinerarios Formativos Espec\u00edficos (IFE). Educaci\u00f3n Secundaria Obligatoria Adaptada - ESO La ESO Adaptada pretende [&hellip;]","og_url":"https:\/\/acidh.org\/areaeducativa\/es\/escuela-de-vida-montserrat\/","og_site_name":"\u00c0rea Educativa","article_modified_time":"2023-08-23T09:21:32+00:00","twitter_card":"summary_large_image","twitter_misc":{"Tiempo de lectura":"8 minutos"},"schema":{"@context":"https:\/\/schema.org","@graph":[{"@type":"WebPage","@id":"https:\/\/acidh.org\/areaeducativa\/es\/escuela-de-vida-montserrat\/","url":"https:\/\/acidh.org\/areaeducativa\/es\/escuela-de-vida-montserrat\/","name":"Escuela de Vida Montserrat - \u00c0rea Educativa","isPartOf":{"@id":"https:\/\/acidh.org\/areaeducativa\/es\/#website"},"datePublished":"2015-10-12T15:09:37+00:00","dateModified":"2023-08-23T09:21:32+00:00","breadcrumb":{"@id":"https:\/\/acidh.org\/areaeducativa\/es\/escuela-de-vida-montserrat\/#breadcrumb"},"inLanguage":"es","potentialAction":[{"@type":"ReadAction","target":["https:\/\/acidh.org\/areaeducativa\/es\/escuela-de-vida-montserrat\/"]}]},{"@type":"BreadcrumbList","@id":"https:\/\/acidh.org\/areaeducativa\/es\/escuela-de-vida-montserrat\/#breadcrumb","itemListElement":[{"@type":"ListItem","position":1,"name":"Portada","item":"https:\/\/acidh.org\/areaeducativa\/"},{"@type":"ListItem","position":2,"name":"Escuela de Vida Montserrat"}]},{"@type":"WebSite","@id":"https:\/\/acidh.org\/areaeducativa\/es\/#website","url":"https:\/\/acidh.org\/areaeducativa\/es\/","name":"\u00c0rea Educativa","description":"AcidH","potentialAction":[{"@type":"SearchAction","target":{"@type":"EntryPoint","urlTemplate":"https:\/\/acidh.org\/areaeducativa\/es\/?s={search_term_string}"},"query-input":{"@type":"PropertyValueSpecification","valueRequired":true,"valueName":"search_term_string"}}],"inLanguage":"es"}]}},"_links":{"self":[{"href":"https:\/\/acidh.org\/areaeducativa\/wp-json\/wp\/v2\/pages\/324","targetHints":{"allow":["GET"]}}],"collection":[{"href":"https:\/\/acidh.org\/areaeducativa\/wp-json\/wp\/v2\/pages"}],"about":[{"href":"https:\/\/acidh.org\/areaeducativa\/wp-json\/wp\/v2\/types\/page"}],"author":[{"embeddable":true,"href":"https:\/\/acidh.org\/areaeducativa\/wp-json\/wp\/v2\/users\/1"}],"replies":[{"embeddable":true,"href":"https:\/\/acidh.org\/areaeducativa\/wp-json\/wp\/v2\/comments?post=324"}],"version-history":[{"count":46,"href":"https:\/\/acidh.org\/areaeducativa\/wp-json\/wp\/v2\/pages\/324\/revisions"}],"predecessor-version":[{"id":2363,"href":"https:\/\/acidh.org\/areaeducativa\/wp-json\/wp\/v2\/pages\/324\/revisions\/2363"}],"wp:attachment":[{"href":"https:\/\/acidh.org\/areaeducativa\/wp-json\/wp\/v2\/media?parent=324"}],"curies":[{"name":"wp","href":"https:\/\/api.w.org\/{rel}","templated":true}]}}