{"id":1911,"date":"2023-10-16T11:09:53","date_gmt":"2023-10-16T11:09:53","guid":{"rendered":"https:\/\/www.acidh.org\/arealaboral\/wp-content\/uploads\/sites\/12\/2023\/10\/Salo_Ocupacio2.jpg"},"modified":"2023-10-16T11:11:38","modified_gmt":"2023-10-16T11:11:38","slug":"salo_ocupacio2","status":"inherit","type":"attachment","link":"https:\/\/acidh.org\/arealaboral\/general-laboral\/el-sil-present-al-salo-de-locupacioo-i-el-bizbarcelona\/attachment\/salo_ocupacio2\/","title":{"rendered":"Sal\u00f3_Ocupaci\u00f3_estand"},"author":30,"featured_media":0,"comment_status":"open","ping_status":"closed","template":"","meta":{"_et_pb_use_builder":"","_et_pb_old_content":"","_et_gb_content_width":""},"class_list":["post-1911","attachment","type-attachment","status-inherit","hentry"],"yoast_head":"<!-- This site is optimized with the Yoast SEO plugin v27.4 - https:\/\/yoast.com\/product\/yoast-seo-wordpress\/ -->\n<title>Sal\u00f3_Ocupaci\u00f3_estand - \u00c0rea Laboral<\/title>\n<meta name=\"robots\" content=\"index, follow, max-snippet:-1, max-image-preview:large, max-video-preview:-1\" \/>\n<link rel=\"canonical\" href=\"https:\/\/acidh.org\/arealaboral\/wp-content\/uploads\/sites\/12\/2023\/10\/Salo_Ocupacio2-scaled.jpg\" \/>\n<meta property=\"og:locale\" content=\"ca_ES\" \/>\n<meta property=\"og:type\" content=\"article\" \/>\n<meta property=\"og:title\" content=\"Sal\u00f3_Ocupaci\u00f3_estand - \u00c0rea Laboral\" \/>\n<meta property=\"og:url\" content=\"https:\/\/acidh.org\/arealaboral\/wp-content\/uploads\/sites\/12\/2023\/10\/Salo_Ocupacio2-scaled.jpg\" \/>\n<meta property=\"og:site_name\" content=\"\u00c0rea Laboral\" \/>\n<meta property=\"article:modified_time\" content=\"2023-10-16T11:11:38+00:00\" \/>\n<meta property=\"og:image\" content=\"https:\/\/acidh.org\/arealaboral\/wp-content\/uploads\/sites\/12\/2023\/10\/Salo_Ocupacio2-scaled.jpg\" \/>\n\t<meta property=\"og:image:width\" content=\"1920\" \/>\n\t<meta property=\"og:image:height\" content=\"2560\" \/>\n\t<meta property=\"og:image:type\" content=\"image\/jpeg\" \/>\n<meta name=\"twitter:card\" content=\"summary_large_image\" \/>\n<script type=\"application\/ld+json\" class=\"yoast-schema-graph\">{\"@context\":\"https:\\\/\\\/schema.org\",\"@graph\":[{\"@type\":\"WebPage\",\"@id\":\"https:\\\/\\\/acidh.org\\\/arealaboral\\\/wp-content\\\/uploads\\\/sites\\\/12\\\/2023\\\/10\\\/Salo_Ocupacio2-scaled.jpg\",\"url\":\"https:\\\/\\\/acidh.org\\\/arealaboral\\\/wp-content\\\/uploads\\\/sites\\\/12\\\/2023\\\/10\\\/Salo_Ocupacio2-scaled.jpg\",\"name\":\"Sal\u00f3_Ocupaci\u00f3_estand - \u00c0rea Laboral\",\"isPartOf\":{\"@id\":\"https:\\\/\\\/acidh.org\\\/arealaboral\\\/#website\"},\"datePublished\":\"2023-10-16T11:09:53+00:00\",\"dateModified\":\"2023-10-16T11:11:38+00:00\",\"breadcrumb\":{\"@id\":\"https:\\\/\\\/acidh.org\\\/arealaboral\\\/wp-content\\\/uploads\\\/sites\\\/12\\\/2023\\\/10\\\/Salo_Ocupacio2-scaled.jpg#breadcrumb\"},\"inLanguage\":\"ca\",\"potentialAction\":[{\"@type\":\"ReadAction\",\"target\":[\"https:\\\/\\\/acidh.org\\\/arealaboral\\\/wp-content\\\/uploads\\\/sites\\\/12\\\/2023\\\/10\\\/Salo_Ocupacio2-scaled.jpg\"]}]},{\"@type\":\"BreadcrumbList\",\"@id\":\"https:\\\/\\\/acidh.org\\\/arealaboral\\\/wp-content\\\/uploads\\\/sites\\\/12\\\/2023\\\/10\\\/Salo_Ocupacio2-scaled.jpg#breadcrumb\",\"itemListElement\":[{\"@type\":\"ListItem\",\"position\":1,\"name\":\"Portada\",\"item\":\"https:\\\/\\\/acidh.org\\\/arealaboral\\\/\"},{\"@type\":\"ListItem\",\"position\":2,\"name\":\"El SIL present al Sal\u00f3 de l&#8217;Ocupaci\u00f3 i el BizBarcelona\",\"item\":\"https:\\\/\\\/acidh.org\\\/arealaboral\\\/general-laboral\\\/el-sil-present-al-salo-de-locupacioo-i-el-bizbarcelona\\\/\"},{\"@type\":\"ListItem\",\"position\":3,\"name\":\"Sal\u00f3_Ocupaci\u00f3_estand\"}]},{\"@type\":\"WebSite\",\"@id\":\"https:\\\/\\\/acidh.org\\\/arealaboral\\\/#website\",\"url\":\"https:\\\/\\\/acidh.org\\\/arealaboral\\\/\",\"name\":\"\u00c0rea Laboral\",\"description\":\"AcidH\",\"potentialAction\":[{\"@type\":\"SearchAction\",\"target\":{\"@type\":\"EntryPoint\",\"urlTemplate\":\"https:\\\/\\\/acidh.org\\\/arealaboral\\\/?s={search_term_string}\"},\"query-input\":{\"@type\":\"PropertyValueSpecification\",\"valueRequired\":true,\"valueName\":\"search_term_string\"}}],\"inLanguage\":\"ca\"}]}<\/script>\n<!-- \/ Yoast SEO plugin. -->","yoast_head_json":{"title":"Sal\u00f3_Ocupaci\u00f3_estand - \u00c0rea Laboral","robots":{"index":"index","follow":"follow","max-snippet":"max-snippet:-1","max-image-preview":"max-image-preview:large","max-video-preview":"max-video-preview:-1"},"canonical":"https:\/\/acidh.org\/arealaboral\/wp-content\/uploads\/sites\/12\/2023\/10\/Salo_Ocupacio2-scaled.jpg","og_locale":"ca_ES","og_type":"article","og_title":"Sal\u00f3_Ocupaci\u00f3_estand - \u00c0rea Laboral","og_url":"https:\/\/acidh.org\/arealaboral\/wp-content\/uploads\/sites\/12\/2023\/10\/Salo_Ocupacio2-scaled.jpg","og_site_name":"\u00c0rea Laboral","article_modified_time":"2023-10-16T11:11:38+00:00","og_image":[{"width":1920,"height":2560,"url":"https:\/\/acidh.org\/arealaboral\/wp-content\/uploads\/sites\/12\/2023\/10\/Salo_Ocupacio2-scaled.jpg","type":"image\/jpeg"}],"twitter_card":"summary_large_image","schema":{"@context":"https:\/\/schema.org","@graph":[{"@type":"WebPage","@id":"https:\/\/acidh.org\/arealaboral\/wp-content\/uploads\/sites\/12\/2023\/10\/Salo_Ocupacio2-scaled.jpg","url":"https:\/\/acidh.org\/arealaboral\/wp-content\/uploads\/sites\/12\/2023\/10\/Salo_Ocupacio2-scaled.jpg","name":"Sal\u00f3_Ocupaci\u00f3_estand - \u00c0rea Laboral","isPartOf":{"@id":"https:\/\/acidh.org\/arealaboral\/#website"},"datePublished":"2023-10-16T11:09:53+00:00","dateModified":"2023-10-16T11:11:38+00:00","breadcrumb":{"@id":"https:\/\/acidh.org\/arealaboral\/wp-content\/uploads\/sites\/12\/2023\/10\/Salo_Ocupacio2-scaled.jpg#breadcrumb"},"inLanguage":"ca","potentialAction":[{"@type":"ReadAction","target":["https:\/\/acidh.org\/arealaboral\/wp-content\/uploads\/sites\/12\/2023\/10\/Salo_Ocupacio2-scaled.jpg"]}]},{"@type":"BreadcrumbList","@id":"https:\/\/acidh.org\/arealaboral\/wp-content\/uploads\/sites\/12\/2023\/10\/Salo_Ocupacio2-scaled.jpg#breadcrumb","itemListElement":[{"@type":"ListItem","position":1,"name":"Portada","item":"https:\/\/acidh.org\/arealaboral\/"},{"@type":"ListItem","position":2,"name":"El SIL present al Sal\u00f3 de l&#8217;Ocupaci\u00f3 i el BizBarcelona","item":"https:\/\/acidh.org\/arealaboral\/general-laboral\/el-sil-present-al-salo-de-locupacioo-i-el-bizbarcelona\/"},{"@type":"ListItem","position":3,"name":"Sal\u00f3_Ocupaci\u00f3_estand"}]},{"@type":"WebSite","@id":"https:\/\/acidh.org\/arealaboral\/#website","url":"https:\/\/acidh.org\/arealaboral\/","name":"\u00c0rea Laboral","description":"AcidH","potentialAction":[{"@type":"SearchAction","target":{"@type":"EntryPoint","urlTemplate":"https:\/\/acidh.org\/arealaboral\/?s={search_term_string}"},"query-input":{"@type":"PropertyValueSpecification","valueRequired":true,"valueName":"search_term_string"}}],"inLanguage":"ca"}]}},"smush":{"stats":{"time":1.5299999999999998,"bytes":825995,"percent":19.69,"size_before":4195307,"size_after":3369312,"lossy":0,"keep_exif":0,"api_version":"1.0"},"sizes":{"thumbnail":{"time":0,"bytes":42233,"percent":85.73,"size_before":49265,"size_after":7032},"et-pb-portfolio-image":{"time":0.01,"bytes":42982,"percent":61.45,"size_before":69944,"size_after":26962},"et-pb-portfolio-module-image":{"time":0.01,"bytes":43405,"percent":50.51,"size_before":85929,"size_after":42524},"medium":{"time":0.04,"bytes":42413,"percent":71.39,"size_before":59407,"size_after":16994},"et-pb-gallery-module-image-portrait":{"time":0.01,"bytes":43018,"percent":49.72,"size_before":86524,"size_after":43506},"et-pb-post-main-image":{"time":0.01,"bytes":42918,"percent":63.67,"size_before":67411,"size_after":24493},"et-pb-image--responsive--phone":{"time":0.03,"bytes":43512,"percent":41.75,"size_before":104229,"size_after":60717},"medium_large":{"time":0.02,"bytes":45484,"percent":25.27,"size_before":179990,"size_after":134506},"large":{"time":0.04,"bytes":45484,"percent":25.27,"size_before":179990,"size_after":134506},"et-pb-post-main-image-fullwidth":{"time":0.02,"bytes":45874,"percent":27.33,"size_before":167854,"size_after":121980},"et-pb-portfolio-image-single":{"time":0.08,"bytes":48447,"percent":17.12,"size_before":283067,"size_after":234620},"et-pb-image--responsive--tablet":{"time":0.11,"bytes":47532,"percent":19.1,"size_before":248866,"size_after":201334},"1536x1536":{"time":0.07,"bytes":49218,"percent":15.85,"size_before":310547,"size_after":261329},"et-pb-image--responsive--desktop":{"time":0.08,"bytes":51025,"percent":14.03,"size_before":363604,"size_after":312579},"2048x2048":{"time":0.07,"bytes":56318,"percent":11.54,"size_before":487820,"size_after":431502},"et-pb-post-main-image-fullwidth-large":{"time":0.22,"bytes":68833,"percent":9.47,"size_before":726746,"size_after":657913},"wp_scaled":{"time":0.71,"bytes":67299,"percent":9.29,"size_before":724114,"size_after":656815}}},"description":{"rendered":"<p class=\"attachment\"><a href='https:\/\/acidh.org\/arealaboral\/wp-content\/uploads\/sites\/12\/2023\/10\/Salo_Ocupacio2-scaled.jpg'><img loading=\"lazy\" decoding=\"async\" width=\"225\" height=\"300\" src=\"https:\/\/acidh.org\/arealaboral\/wp-content\/uploads\/sites\/12\/2023\/10\/Salo_Ocupacio2-225x300.jpg\" class=\"attachment-medium size-medium\" alt=\"\" \/><\/a><\/p>\n"},"caption":{"rendered":""},"alt_text":"","media_type":"image","mime_type":"image\/jpeg","media_details":{"width":1920,"height":2560,"file":"2023\/10\/Salo_Ocupacio2-scaled.jpg","filesize":724114,"sizes":{"medium":{"file":"Salo_Ocupacio2-225x300.jpg","width":225,"height":300,"filesize":59407,"mime_type":"image\/jpeg","source_url":"https:\/\/acidh.org\/arealaboral\/wp-content\/uploads\/sites\/12\/2023\/10\/Salo_Ocupacio2-225x300.jpg"},"large":{"file":"Salo_Ocupacio2-768x1024.jpg","width":768,"height":1024,"filesize":179990,"mime_type":"image\/jpeg","source_url":"https:\/\/acidh.org\/arealaboral\/wp-content\/uploads\/sites\/12\/2023\/10\/Salo_Ocupacio2-768x1024.jpg"},"thumbnail":{"file":"Salo_Ocupacio2-150x150.jpg","width":150,"height":150,"filesize":49265,"mime_type":"image\/jpeg","source_url":"https:\/\/acidh.org\/arealaboral\/wp-content\/uploads\/sites\/12\/2023\/10\/Salo_Ocupacio2-150x150.jpg"},"medium_large":{"file":"Salo_Ocupacio2-768x1024.jpg","width":768,"height":1024,"filesize":179990,"mime_type":"image\/jpeg","source_url":"https:\/\/acidh.org\/arealaboral\/wp-content\/uploads\/sites\/12\/2023\/10\/Salo_Ocupacio2-768x1024.jpg"},"1536x1536":{"file":"Salo_Ocupacio2-1152x1536.jpg","width":1152,"height":1536,"filesize":310547,"mime_type":"image\/jpeg","source_url":"https:\/\/acidh.org\/arealaboral\/wp-content\/uploads\/sites\/12\/2023\/10\/Salo_Ocupacio2-1152x1536.jpg"},"2048x2048":{"file":"Salo_Ocupacio2-1536x2048.jpg","width":1536,"height":2048,"filesize":487820,"mime_type":"image\/jpeg","source_url":"https:\/\/acidh.org\/arealaboral\/wp-content\/uploads\/sites\/12\/2023\/10\/Salo_Ocupacio2-1536x2048.jpg"},"et-pb-post-main-image":{"file":"Salo_Ocupacio2-400x250.jpg","width":400,"height":250,"filesize":67411,"mime_type":"image\/jpeg","source_url":"https:\/\/acidh.org\/arealaboral\/wp-content\/uploads\/sites\/12\/2023\/10\/Salo_Ocupacio2-400x250.jpg"},"et-pb-post-main-image-fullwidth":{"file":"Salo_Ocupacio2-1080x675.jpg","width":1080,"height":675,"filesize":167854,"mime_type":"image\/jpeg","source_url":"https:\/\/acidh.org\/arealaboral\/wp-content\/uploads\/sites\/12\/2023\/10\/Salo_Ocupacio2-1080x675.jpg"},"et-pb-portfolio-image":{"file":"Salo_Ocupacio2-400x284.jpg","width":400,"height":284,"filesize":69944,"mime_type":"image\/jpeg","source_url":"https:\/\/acidh.org\/arealaboral\/wp-content\/uploads\/sites\/12\/2023\/10\/Salo_Ocupacio2-400x284.jpg"},"et-pb-portfolio-module-image":{"file":"Salo_Ocupacio2-510x382.jpg","width":510,"height":382,"filesize":85929,"mime_type":"image\/jpeg","source_url":"https:\/\/acidh.org\/arealaboral\/wp-content\/uploads\/sites\/12\/2023\/10\/Salo_Ocupacio2-510x382.jpg"},"et-pb-portfolio-image-single":{"file":"Salo_Ocupacio2-1080x1440.jpg","width":1080,"height":1440,"filesize":283067,"mime_type":"image\/jpeg","source_url":"https:\/\/acidh.org\/arealaboral\/wp-content\/uploads\/sites\/12\/2023\/10\/Salo_Ocupacio2-1080x1440.jpg"},"et-pb-gallery-module-image-portrait":{"file":"Salo_Ocupacio2-400x516.jpg","width":400,"height":516,"filesize":86524,"mime_type":"image\/jpeg","source_url":"https:\/\/acidh.org\/arealaboral\/wp-content\/uploads\/sites\/12\/2023\/10\/Salo_Ocupacio2-400x516.jpg"},"et-pb-post-main-image-fullwidth-large":{"file":"Salo_Ocupacio2-2880x1800.jpg","width":2880,"height":1800,"filesize":726746,"mime_type":"image\/jpeg","source_url":"https:\/\/acidh.org\/arealaboral\/wp-content\/uploads\/sites\/12\/2023\/10\/Salo_Ocupacio2-2880x1800.jpg"},"et-pb-image--responsive--desktop":{"file":"Salo_Ocupacio2-1280x1707.jpg","width":1280,"height":1707,"filesize":363604,"mime_type":"image\/jpeg","source_url":"https:\/\/acidh.org\/arealaboral\/wp-content\/uploads\/sites\/12\/2023\/10\/Salo_Ocupacio2-1280x1707.jpg"},"et-pb-image--responsive--tablet":{"file":"Salo_Ocupacio2-980x1307.jpg","width":980,"height":1307,"filesize":248866,"mime_type":"image\/jpeg","source_url":"https:\/\/acidh.org\/arealaboral\/wp-content\/uploads\/sites\/12\/2023\/10\/Salo_Ocupacio2-980x1307.jpg"},"et-pb-image--responsive--phone":{"file":"Salo_Ocupacio2-480x640.jpg","width":480,"height":640,"filesize":104229,"mime_type":"image\/jpeg","source_url":"https:\/\/acidh.org\/arealaboral\/wp-content\/uploads\/sites\/12\/2023\/10\/Salo_Ocupacio2-480x640.jpg"},"full":{"file":"Salo_Ocupacio2-scaled.jpg","width":1920,"height":2560,"mime_type":"image\/jpeg","source_url":"https:\/\/acidh.org\/arealaboral\/wp-content\/uploads\/sites\/12\/2023\/10\/Salo_Ocupacio2-scaled.jpg"}},"image_meta":{"aperture":"2.2","credit":"","camera":"realme C11","caption":"","created_timestamp":"1696416926","copyright":"","focal_length":"3.65","iso":"342","shutter_speed":"0.030002","title":"","orientation":"0","keywords":[]},"original_image":"Salo_Ocupacio2.jpg"},"post":1904,"source_url":"https:\/\/acidh.org\/arealaboral\/wp-content\/uploads\/sites\/12\/2023\/10\/Salo_Ocupacio2-scaled.jpg","_links":{"self":[{"href":"https:\/\/acidh.org\/arealaboral\/wp-json\/wp\/v2\/media\/1911","targetHints":{"allow":["GET"]}}],"collection":[{"href":"https:\/\/acidh.org\/arealaboral\/wp-json\/wp\/v2\/media"}],"about":[{"href":"https:\/\/acidh.org\/arealaboral\/wp-json\/wp\/v2\/types\/attachment"}],"author":[{"embeddable":true,"href":"https:\/\/acidh.org\/arealaboral\/wp-json\/wp\/v2\/users\/30"}],"replies":[{"embeddable":true,"href":"https:\/\/acidh.org\/arealaboral\/wp-json\/wp\/v2\/comments?post=1911"}],"wp:attached-to":[{"embeddable":true,"post_type":"post","id":1904,"href":"https:\/\/acidh.org\/arealaboral\/wp-json\/wp\/v2\/posts\/1904"}],"curies":[{"name":"wp","href":"https:\/\/api.w.org\/{rel}","templated":true}]}}