{"id":168,"date":"2015-10-12T15:10:06","date_gmt":"2015-10-12T15:10:06","guid":{"rendered":"https:\/\/www.acidh.org\/areapsicosocial\/es\/?page_id=168"},"modified":"2023-08-30T08:13:35","modified_gmt":"2023-08-30T08:13:35","slug":"espacio-familias","status":"publish","type":"page","link":"https:\/\/acidh.org\/areapsicosocial\/espacio-familias\/","title":{"rendered":"Espacio familias"},"content":{"rendered":"<p>[et_pb_section bb_built=&#8221;1&#8243; fullwidth=&#8221;off&#8221; specialty=&#8221;on&#8221; inner_width=&#8221;auto&#8221; inner_max_width=&#8221;1080px&#8221;][et_pb_column type=&#8221;3_4&#8243; specialty_columns=&#8221;3&#8243;][et_pb_row_inner admin_label=&#8221;Row&#8221;][et_pb_column_inner type=&#8221;4_4&#8243; saved_specialty_column_type=&#8221;3_4&#8243; custom_padding__hover=&#8221;|||&#8221; custom_padding=&#8221;|||&#8221; saved_specialty_column_type=&#8221;3_4&#8243;][et_pb_text use_border_color=&#8221;off&#8221; background_position=&#8221;top_left&#8221; background_repeat=&#8221;repeat&#8221; background_size=&#8221;initial&#8221; _builder_version=&#8221;4.21.0&#8243; background_pattern_color=&#8221;rgba(0,0,0,0.2)&#8221; background_mask_color=&#8221;#ffffff&#8221; text_text_shadow_horizontal_length=&#8221;text_text_shadow_style,%91object Object%93&#8243; text_text_shadow_horizontal_length_tablet=&#8221;0px&#8221; text_text_shadow_vertical_length=&#8221;text_text_shadow_style,%91object Object%93&#8243; text_text_shadow_vertical_length_tablet=&#8221;0px&#8221; text_text_shadow_blur_strength=&#8221;text_text_shadow_style,%91object Object%93&#8243; text_text_shadow_blur_strength_tablet=&#8221;1px&#8221; link_text_shadow_horizontal_length=&#8221;link_text_shadow_style,%91object Object%93&#8243; link_text_shadow_horizontal_length_tablet=&#8221;0px&#8221; link_text_shadow_vertical_length=&#8221;link_text_shadow_style,%91object Object%93&#8243; link_text_shadow_vertical_length_tablet=&#8221;0px&#8221; link_text_shadow_blur_strength=&#8221;link_text_shadow_style,%91object Object%93&#8243; link_text_shadow_blur_strength_tablet=&#8221;1px&#8221; ul_text_shadow_horizontal_length=&#8221;ul_text_shadow_style,%91object Object%93&#8243; ul_text_shadow_horizontal_length_tablet=&#8221;0px&#8221; ul_text_shadow_vertical_length=&#8221;ul_text_shadow_style,%91object Object%93&#8243; ul_text_shadow_vertical_length_tablet=&#8221;0px&#8221; ul_text_shadow_blur_strength=&#8221;ul_text_shadow_style,%91object Object%93&#8243; ul_text_shadow_blur_strength_tablet=&#8221;1px&#8221; ol_text_shadow_horizontal_length=&#8221;ol_text_shadow_style,%91object Object%93&#8243; ol_text_shadow_horizontal_length_tablet=&#8221;0px&#8221; ol_text_shadow_vertical_length=&#8221;ol_text_shadow_style,%91object Object%93&#8243; ol_text_shadow_vertical_length_tablet=&#8221;0px&#8221; ol_text_shadow_blur_strength=&#8221;ol_text_shadow_style,%91object Object%93&#8243; ol_text_shadow_blur_strength_tablet=&#8221;1px&#8221; quote_text_shadow_horizontal_length=&#8221;quote_text_shadow_style,%91object Object%93&#8243; quote_text_shadow_horizontal_length_tablet=&#8221;0px&#8221; quote_text_shadow_vertical_length=&#8221;quote_text_shadow_style,%91object Object%93&#8243; quote_text_shadow_vertical_length_tablet=&#8221;0px&#8221; quote_text_shadow_blur_strength=&#8221;quote_text_shadow_style,%91object Object%93&#8243; quote_text_shadow_blur_strength_tablet=&#8221;1px&#8221; header_text_shadow_horizontal_length=&#8221;header_text_shadow_style,%91object Object%93&#8243; header_text_shadow_horizontal_length_tablet=&#8221;0px&#8221; header_text_shadow_vertical_length=&#8221;header_text_shadow_style,%91object Object%93&#8243; header_text_shadow_vertical_length_tablet=&#8221;0px&#8221; header_text_shadow_blur_strength=&#8221;header_text_shadow_style,%91object Object%93&#8243; header_text_shadow_blur_strength_tablet=&#8221;1px&#8221; header_2_text_shadow_horizontal_length=&#8221;header_2_text_shadow_style,%91object Object%93&#8243; header_2_text_shadow_horizontal_length_tablet=&#8221;0px&#8221; header_2_text_shadow_vertical_length=&#8221;header_2_text_shadow_style,%91object Object%93&#8243; header_2_text_shadow_vertical_length_tablet=&#8221;0px&#8221; header_2_text_shadow_blur_strength=&#8221;header_2_text_shadow_style,%91object Object%93&#8243; header_2_text_shadow_blur_strength_tablet=&#8221;1px&#8221; header_3_text_shadow_horizontal_length=&#8221;header_3_text_shadow_style,%91object Object%93&#8243; header_3_text_shadow_horizontal_length_tablet=&#8221;0px&#8221; header_3_text_shadow_vertical_length=&#8221;header_3_text_shadow_style,%91object Object%93&#8243; header_3_text_shadow_vertical_length_tablet=&#8221;0px&#8221; header_3_text_shadow_blur_strength=&#8221;header_3_text_shadow_style,%91object Object%93&#8243; header_3_text_shadow_blur_strength_tablet=&#8221;1px&#8221; header_4_text_shadow_horizontal_length=&#8221;header_4_text_shadow_style,%91object Object%93&#8243; header_4_text_shadow_horizontal_length_tablet=&#8221;0px&#8221; header_4_text_shadow_vertical_length=&#8221;header_4_text_shadow_style,%91object Object%93&#8243; header_4_text_shadow_vertical_length_tablet=&#8221;0px&#8221; header_4_text_shadow_blur_strength=&#8221;header_4_text_shadow_style,%91object Object%93&#8243; header_4_text_shadow_blur_strength_tablet=&#8221;1px&#8221; header_5_text_shadow_horizontal_length=&#8221;header_5_text_shadow_style,%91object Object%93&#8243; header_5_text_shadow_horizontal_length_tablet=&#8221;0px&#8221; header_5_text_shadow_vertical_length=&#8221;header_5_text_shadow_style,%91object Object%93&#8243; header_5_text_shadow_vertical_length_tablet=&#8221;0px&#8221; header_5_text_shadow_blur_strength=&#8221;header_5_text_shadow_style,%91object Object%93&#8243; header_5_text_shadow_blur_strength_tablet=&#8221;1px&#8221; header_6_text_shadow_horizontal_length=&#8221;header_6_text_shadow_style,%91object Object%93&#8243; header_6_text_shadow_horizontal_length_tablet=&#8221;0px&#8221; header_6_text_shadow_vertical_length=&#8221;header_6_text_shadow_style,%91object Object%93&#8243; header_6_text_shadow_vertical_length_tablet=&#8221;0px&#8221; header_6_text_shadow_blur_strength=&#8221;header_6_text_shadow_style,%91object Object%93&#8243; header_6_text_shadow_blur_strength_tablet=&#8221;1px&#8221; box_shadow_horizontal_tablet=&#8221;0px&#8221; box_shadow_vertical_tablet=&#8221;0px&#8221; box_shadow_blur_tablet=&#8221;40px&#8221; box_shadow_spread_tablet=&#8221;0px&#8221; vertical_offset_tablet=&#8221;0&#8243; horizontal_offset_tablet=&#8221;0&#8243; z_index_tablet=&#8221;0&#8243;]<\/p>\n<h1>Espacio\u00a0familias<\/h1>\n<p>Uno de los objetivos de acidH y\u00a0\u00a0el compromiso que adquiri\u00f3 desde sus inicios es <strong>mejorar la calidad de vida<\/strong> de las personas con <strong>Funcionamiento Intelectual L\u00edmite<\/strong>, <strong>Discapacidad Intelectual Leve<\/strong> y sus <strong>familias<\/strong>.<\/p>\n<h3>Intentando dar respuesta a las distintas necesidades desde diferentes servicios:<\/h3>\n<p>[\/et_pb_text][et_pb_blurb title=&#8221;Blog&#8221; url_new_window=&#8221;off&#8221; use_icon=&#8221;on&#8221; font_icon=&#8221;&#x5e;||divi||400&#8243; icon_color=&#8221;#914ba0&#8243; use_circle=&#8221;off&#8221; circle_color=&#8221;#914ba0&#8243; use_circle_border=&#8221;off&#8221; circle_border_color=&#8221;#914ba0&#8243; icon_placement=&#8221;left&#8221; animation=&#8221;off&#8221; background_layout=&#8221;light&#8221; text_orientation=&#8221;left&#8221; use_icon_font_size=&#8221;off&#8221; header_font_size=&#8221;18&#8243; body_font_size=&#8221;14&#8243; use_border_color=&#8221;off&#8221; border_color=&#8221;#ffffff&#8221; border_style=&#8221;solid&#8221; background_position=&#8221;top_left&#8221; background_repeat=&#8221;repeat&#8221; background_size=&#8221;initial&#8221; image_max_width=&#8221;none&#8221;]<\/p>\n<p>\nEl Blog es un diario interactivo personal donde podemos compartir informaci\u00f3n, art\u00edculos,&#8230; y comentarlos entre todos. Tambi\u00e9n lo utilizaremos para informaros de todas las actividades que iremos realizando.<\/p>\n<p>[\/et_pb_blurb][et_pb_blurb title=&#8221;Grupo de apoyo familiar. %22El caf\u00e9 de los lunes%22&#8243; url_new_window=&#8221;off&#8221; use_icon=&#8221;on&#8221; font_icon=&#8221;&#x5e;||divi||400&#8243; icon_color=&#8221;#914ba0&#8243; use_circle=&#8221;off&#8221; circle_color=&#8221;#914ba0&#8243; use_circle_border=&#8221;off&#8221; circle_border_color=&#8221;#914ba0&#8243; icon_placement=&#8221;left&#8221; animation=&#8221;off&#8221; background_layout=&#8221;light&#8221; text_orientation=&#8221;left&#8221; use_icon_font_size=&#8221;off&#8221; header_font_size=&#8221;18&#8243; body_font_size=&#8221;14&#8243; use_border_color=&#8221;off&#8221; border_color=&#8221;#ffffff&#8221; border_style=&#8221;solid&#8221; background_position=&#8221;top_left&#8221; background_repeat=&#8221;repeat&#8221; background_size=&#8221;initial&#8221; image_max_width=&#8221;none&#8221;]<\/p>\n<p>\nEl Grupo de Apoyo\u00a0Familiar d\u2019acidH\u00a0representa un <strong>espacio para todos los padres, madres y\/o tutores<\/strong> que tienen un hijo o hija con discapacidad intelectual leve\u00a0o con capacidad intelectual l\u00edmite y que sienten la necesidad de <strong>compartir su experiencia<\/strong> con otras familias que vivan, o hayan podido vivir, situaciones similares a las suyas, y al mismo tiempo poder recibir informaciones de su inter\u00e9s. El objetivo de este Grupo es el crear un espacio para las familias donde se intercambien experiencias, donde se reciba informaci\u00f3n sobre el mundo de la discapacidad, donde se puedan resolver dudas y sobre todo, donde se descubran los aspectos positivos de la colaboraci\u00f3n entre personas que se encuentran y a las que une un hecho com\u00fan. Es importante que en el Grupo de Apoyo Familiar se cree un<strong> espacio de reflexi\u00f3n<\/strong>.<\/p>\n<h5>Caracter\u00edsticas:<\/h5>\n<ul>\n<li>Grupo\u00a0fijo, \u00a0de 8 a 10 personas.<\/li>\n<li>Formato de tertulia.<\/li>\n<li>Periodicidad\u00a0mensual.<\/li>\n<li>Tem\u00e1ticas abiertas y propuestas por el propio grupo.<\/li>\n<\/ul>\n<p>[\/et_pb_blurb][et_pb_blurb title=&#8221;Escuela de padres&#8221; url_new_window=&#8221;off&#8221; use_icon=&#8221;on&#8221; font_icon=&#8221;&#x5e;||divi||400&#8243; icon_color=&#8221;#914ba0&#8243; use_circle=&#8221;off&#8221; circle_color=&#8221;#914ba0&#8243; use_circle_border=&#8221;off&#8221; circle_border_color=&#8221;#914ba0&#8243; icon_placement=&#8221;left&#8221; animation=&#8221;off&#8221; background_layout=&#8221;light&#8221; text_orientation=&#8221;left&#8221; use_icon_font_size=&#8221;off&#8221; header_font_size=&#8221;18&#8243; body_font_size=&#8221;14&#8243; use_border_color=&#8221;off&#8221; border_color=&#8221;#ffffff&#8221; border_style=&#8221;solid&#8221; background_position=&#8221;top_left&#8221; background_repeat=&#8221;repeat&#8221; background_size=&#8221;initial&#8221; image_max_width=&#8221;none&#8221;]<\/p>\n<p>\nEs un recurso de apoyo a la Familia que pretende dar una<strong> informaci\u00f3n \/ formaci\u00f3n<\/strong> sobre diferentes temas que preocupan a las familias que tienen a su cargo una persona con discapacidad y potenciar las habilidades necesarias para afrontar diversas situaciones que vienen <strong>dadas por el rol de ser padres y por la propia problem\u00e1tica que puede aportar la discapacidad<\/strong>.<\/p>\n<p>Los temas de las ponencias var\u00edan seg\u00fan los intereses de los padres, son temas que les preocupan y sobre los que necesitan tener informaci\u00f3n para poder aliviar alguna de sus angustias.\u00a0Hasta ahora los temas de mayor inter\u00e9s, entre otros, son: itinerarios de formaci\u00f3n \/ inserci\u00f3n, servicios residenciales\/vivienda, figuras jur\u00eddicas de protecci\u00f3n y \/ o sexualidad.<\/p>\n<p>[\/et_pb_blurb][et_pb_blurb title=&#8221;Atenci\u00f3n y asesoramiento familiar\/pareja&#8221; url_new_window=&#8221;off&#8221; use_icon=&#8221;on&#8221; font_icon=&#8221;&#x5e;||divi||400&#8243; icon_color=&#8221;#914ba0&#8243; use_circle=&#8221;off&#8221; circle_color=&#8221;#914ba0&#8243; use_circle_border=&#8221;off&#8221; circle_border_color=&#8221;#914ba0&#8243; icon_placement=&#8221;left&#8221; animation=&#8221;off&#8221; background_layout=&#8221;light&#8221; text_orientation=&#8221;left&#8221; use_icon_font_size=&#8221;off&#8221; header_font_size=&#8221;18&#8243; body_font_size=&#8221;14&#8243; use_border_color=&#8221;off&#8221; border_color=&#8221;#ffffff&#8221; border_style=&#8221;solid&#8221; background_position=&#8221;top_left&#8221; background_repeat=&#8221;repeat&#8221; background_size=&#8221;initial&#8221; image_max_width=&#8221;none&#8221;]<\/p>\n<p>\nServicio dirigido a <strong>familias en general<\/strong>, monoparentales, adoptivas, madres y padres de ni\u00f1os y j\u00f3venes con discapacidad intelectual o sin ella, que requieran informaci\u00f3n, orientaci\u00f3n y atenci\u00f3n referente a conflictos personales, sociales y familiares o que presenten<strong> dudas o preocupaciones en el educaci\u00f3n de sus hijos<\/strong> ante cualquier aspecto o tem\u00e1tica. Este servicio tambi\u00e9n est\u00e1 <strong>a disposici\u00f3n de los j\u00f3venes y adolescentes<\/strong> que puedan necesitar informaci\u00f3n, orientaci\u00f3n y atenci\u00f3n referente a cualquier tipo de conflicto personal, social o familiar.\u00a0El servicio se presencial y personalizado. Habr\u00e1 que concertar hora de visita.<\/p>\n<p>[\/et_pb_blurb][et_pb_text background_layout=&#8221;light&#8221; text_orientation=&#8221;left&#8221; text_font_size=&#8221;14&#8243; use_border_color=&#8221;off&#8221; border_color=&#8221;#ffffff&#8221; border_style=&#8221;solid&#8221; background_position=&#8221;top_left&#8221; background_repeat=&#8221;repeat&#8221; background_size=&#8221;initial&#8221;]<\/p>\n<h3>\u00bfCu\u00e1l es el equipo de profesionales?<\/h3>\n<p>El grupo cuenta con el apoyo de los profesionales del centro de psicolog\u00eda y logopedia de\u00a0acidH, que organizan las actividades y reorientan los contenidos de los temas que se tratan para dar respuesta a las diferentes necesidades.<\/p>\n<p>[\/et_pb_text][\/et_pb_column_inner][\/et_pb_row_inner][\/et_pb_column][et_pb_column type=&#8221;1_4&#8243;][et_pb_text background_layout=&#8221;light&#8221; text_orientation=&#8221;left&#8221; use_border_color=&#8221;off&#8221; border_color=&#8221;#ffffff&#8221; border_style=&#8221;solid&#8221; background_position=&#8221;top_left&#8221; background_repeat=&#8221;repeat&#8221; background_size=&#8221;initial&#8221;]<\/p>\n<script type=\"text\/javascript\">\n\/* <![CDATA[ *\/\nvar gform;gform||(document.addEventListener(\"gform_main_scripts_loaded\",function(){gform.scriptsLoaded=!0}),document.addEventListener(\"gform\/theme\/scripts_loaded\",function(){gform.themeScriptsLoaded=!0}),window.addEventListener(\"DOMContentLoaded\",function(){gform.domLoaded=!0}),gform={domLoaded:!1,scriptsLoaded:!1,themeScriptsLoaded:!1,isFormEditor:()=>\"function\"==typeof InitializeEditor,callIfLoaded:function(o){return!(!gform.domLoaded||!gform.scriptsLoaded||!gform.themeScriptsLoaded&&!gform.isFormEditor()||(gform.isFormEditor()&&console.warn(\"The use of gform.initializeOnLoaded() is deprecated in the form editor context and will be removed in Gravity Forms 3.1.\"),o(),0))},initializeOnLoaded:function(o){gform.callIfLoaded(o)||(document.addEventListener(\"gform_main_scripts_loaded\",()=>{gform.scriptsLoaded=!0,gform.callIfLoaded(o)}),document.addEventListener(\"gform\/theme\/scripts_loaded\",()=>{gform.themeScriptsLoaded=!0,gform.callIfLoaded(o)}),window.addEventListener(\"DOMContentLoaded\",()=>{gform.domLoaded=!0,gform.callIfLoaded(o)}))},hooks:{action:{},filter:{}},addAction:function(o,r,e,t){gform.addHook(\"action\",o,r,e,t)},addFilter:function(o,r,e,t){gform.addHook(\"filter\",o,r,e,t)},doAction:function(o){gform.doHook(\"action\",o,arguments)},applyFilters:function(o){return gform.doHook(\"filter\",o,arguments)},removeAction:function(o,r){gform.removeHook(\"action\",o,r)},removeFilter:function(o,r,e){gform.removeHook(\"filter\",o,r,e)},addHook:function(o,r,e,t,n){null==gform.hooks[o][r]&&(gform.hooks[o][r]=[]);var d=gform.hooks[o][r];null==n&&(n=r+\"_\"+d.length),gform.hooks[o][r].push({tag:n,callable:e,priority:t=null==t?10:t})},doHook:function(r,o,e){var t;if(e=Array.prototype.slice.call(e,1),null!=gform.hooks[r][o]&&((o=gform.hooks[r][o]).sort(function(o,r){return o.priority-r.priority}),o.forEach(function(o){\"function\"!=typeof(t=o.callable)&&(t=window[t]),\"action\"==r?t.apply(null,e):e[0]=t.apply(null,e)})),\"filter\"==r)return e[0]},removeHook:function(o,r,t,n){var e;null!=gform.hooks[o][r]&&(e=(e=gform.hooks[o][r]).filter(function(o,r,e){return!!(null!=n&&n!=o.tag||null!=t&&t!=o.priority)}),gform.hooks[o][r]=e)}});\n\/* ]]> *\/\n<\/script>\n\n                <div class='gf_browser_gecko gform_wrapper gform_legacy_markup_wrapper gform-theme--no-framework contacta-acidh_wrapper' data-form-theme='legacy' data-form-index='0' id='gform_wrapper_2' style='display:none'>\n                        <div class='gform_heading'>\n                            <h3 class=\"gform_title\">Ajuda'ns!<\/h3>\n                            <p class='gform_description'>Qualsevol aportaci\u00f3 \u00e9s bona, et necessitem.<strong> No t'ho pensis!<\/strong>\r\n<\/p>\n                        <\/div><form method='post' enctype='multipart\/form-data'  id='gform_2' class='contacta-acidh' action='\/areapsicosocial\/wp-json\/wp\/v2\/pages\/168' data-formid='2' novalidate>\n                        <div class='gform-body gform_body'><ul id='gform_fields_2' class='gform_fields top_label form_sublabel_below description_below validation_below'><li id=\"field_2_5\" class=\"gfield gfield--type-checkbox gfield--type-choice bold gfield_contains_required field_sublabel_below gfield--no-description field_description_below field_validation_below gfield_visibility_visible\"  ><label class='gfield_label gform-field-label gfield_label_before_complex' >Ens vols fer un donatiu?<span class=\"gfield_required\"><span class=\"gfield_required gfield_required_asterisk\">*<\/span><\/span><\/label><div class='ginput_container ginput_container_checkbox'><ul class='gfield_checkbox' id='input_2_5'><li class='gchoice gchoice_2_5_1'>\n\t\t\t\t\t\t\t\t<input class='gfield-choice-input' name='input_5.1' type='checkbox'  value='Si'  id='choice_2_5_1'   \/>\n\t\t\t\t\t\t\t\t<label for='choice_2_5_1' id='label_2_5_1' class='gform-field-label gform-field-label--type-inline'>Si<\/label>\n\t\t\t\t\t\t\t<\/li><\/ul><\/div><\/li><li id=\"field_2_3\" class=\"gfield gfield--type-text field_sublabel_below gfield--no-description field_description_below field_validation_below gfield_visibility_visible\"  ><label class='gfield_label gform-field-label' for='input_2_3'>Ens vols deixar el teu nom?<\/label><div class='ginput_container ginput_container_text'><input name='input_3' id='input_2_3' type='text' value='' class='medium'      aria-invalid=\"false\"   \/><\/div><\/li><li id=\"field_2_6\" class=\"gfield gfield--type-product gfield--input-type-price gfield_price gfield_price_2_6 gfield_product_2_6 gfield_contains_required field_sublabel_below gfield--no-description field_description_below field_validation_below gfield_visibility_visible\"  ><label class='gfield_label gform-field-label' for='input_2_6'>Tu tries la quantitat:<span class=\"gfield_required\"><span class=\"gfield_required gfield_required_asterisk\">*<\/span><\/span><\/label><div class='ginput_container ginput_container_product_price'>\n\t\t\t\t\t<input name='input_6' id='input_2_6' type='text' value='' class='small ginput_amount'   aria-required=\"true\" aria-invalid=\"false\"  \/>\n\t\t\t\t<\/div><\/li><\/ul><\/div>\n        <div class='gform-footer gform_footer top_label'> <input type='submit' id='gform_submit_button_2' class='gform_button button' onclick='gform.submission.handleButtonClick(this);' data-submission-type='submit' value='Donar'  \/> \n            <input type='hidden' class='gform_hidden' name='gform_submission_method' data-js='gform_submission_method_2' value='postback' \/>\n            <input type='hidden' class='gform_hidden' name='gform_theme' data-js='gform_theme_2' id='gform_theme_2' value='legacy' \/>\n            <input type='hidden' class='gform_hidden' name='gform_style_settings' data-js='gform_style_settings_2' id='gform_style_settings_2' value='[]' \/>\n            <input type='hidden' class='gform_hidden' name='is_submit_2' value='1' \/>\n            <input type='hidden' class='gform_hidden' name='gform_submit' value='2' \/>\n            \n            <input type='hidden' class='gform_hidden' name='gform_currency' data-currency='EUR' value='Ek\/e8uMkdTg8zF7zxMhzRmCdAYCeuZeKutjGXBsNyUqqWkzlJo3bTExz0w9BGIN\/55bDDWztpDD3mJhmecCwl6hNPimNjzVB6gyEjWQBcVnovVs=' \/>\n            <input type='hidden' class='gform_hidden' name='gform_unique_id' value='' \/>\n            <input type='hidden' class='gform_hidden' name='state_2' value='WyJbXSIsIjExN2MyMDUwZmFjNjNlYjg1NjNmNjNmOTVlOTgzMTQ1Il0=' \/>\n            <input type='hidden' autocomplete='off' class='gform_hidden' name='gform_target_page_number_2' id='gform_target_page_number_2' value='0' \/>\n            <input type='hidden' autocomplete='off' class='gform_hidden' name='gform_source_page_number_2' id='gform_source_page_number_2' value='1' \/>\n            <input type='hidden' name='gform_field_values' value='' \/>\n            \n        <\/div>\n                        <\/form>\n                        <\/div><script type=\"text\/javascript\">\n\/* <![CDATA[ *\/\n gform.initializeOnLoaded( function() {gformInitSpinner( 2, 'https:\/\/acidh.org\/areapsicosocial\/wp-content\/plugins\/gravityforms\/images\/spinner.svg', true );jQuery('#gform_ajax_frame_2').on('load',function(){var contents = jQuery(this).contents().find('*').html();var is_postback = contents.indexOf('GF_AJAX_POSTBACK') >= 0;if(!is_postback){return;}var form_content = jQuery(this).contents().find('#gform_wrapper_2');var is_confirmation = jQuery(this).contents().find('#gform_confirmation_wrapper_2').length > 0;var is_redirect = contents.indexOf('gformRedirect(){') >= 0;var is_form = form_content.length > 0 && ! is_redirect && ! is_confirmation;var mt = parseInt(jQuery('html').css('margin-top'), 10) + parseInt(jQuery('body').css('margin-top'), 10) + 100;if(is_form){form_content.find('form').css('opacity', 0);jQuery('#gform_wrapper_2').html(form_content.html());if(form_content.hasClass('gform_validation_error')){jQuery('#gform_wrapper_2').addClass('gform_validation_error');} else {jQuery('#gform_wrapper_2').removeClass('gform_validation_error');}setTimeout( function() { \/* delay the scroll by 50 milliseconds to fix a bug in chrome *\/  }, 50 );if(window['gformInitDatepicker']) {gformInitDatepicker();}if(window['gformInitPriceFields']) {gformInitPriceFields();}var current_page = jQuery('#gform_source_page_number_2').val();gformInitSpinner( 2, 'https:\/\/acidh.org\/areapsicosocial\/wp-content\/plugins\/gravityforms\/images\/spinner.svg', true );jQuery(document).trigger('gform_page_loaded', [2, current_page]);window['gf_submitting_2'] = false;}else if(!is_redirect){var confirmation_content = jQuery(this).contents().find('.GF_AJAX_POSTBACK').html();if(!confirmation_content){confirmation_content = contents;}jQuery('#gform_wrapper_2').replaceWith(confirmation_content);jQuery(document).trigger('gform_confirmation_loaded', [2]);window['gf_submitting_2'] = false;wp.a11y.speak(jQuery('#gform_confirmation_message_2').text());}else{jQuery('#gform_2').append(contents);if(window['gformRedirect']) {gformRedirect();}}jQuery(document).trigger(\"gform_pre_post_render\", [{ formId: \"2\", currentPage: \"current_page\", abort: function() { this.preventDefault(); } }]);        if (event && event.defaultPrevented) {                return;        }        const gformWrapperDiv = document.getElementById( \"gform_wrapper_2\" );        if ( gformWrapperDiv ) {            const visibilitySpan = document.createElement( \"span\" );            visibilitySpan.id = \"gform_visibility_test_2\";            gformWrapperDiv.insertAdjacentElement( \"afterend\", visibilitySpan );        }        const visibilityTestDiv = document.getElementById( \"gform_visibility_test_2\" );        let postRenderFired = false;        function triggerPostRender() {            if ( postRenderFired ) {                return;            }            postRenderFired = true;            gform.core.triggerPostRenderEvents( 2, current_page );            if ( visibilityTestDiv ) {                visibilityTestDiv.parentNode.removeChild( visibilityTestDiv );            }        }        function debounce( func, wait, immediate ) {            var timeout;            return function() {                var context = this, args = arguments;                var later = function() {                    timeout = null;                    if ( !immediate ) func.apply( context, args );                };                var callNow = immediate && !timeout;                clearTimeout( timeout );                timeout = setTimeout( later, wait );                if ( callNow ) func.apply( context, args );            };        }        const debouncedTriggerPostRender = debounce( function() {            triggerPostRender();        }, 200 );        if ( visibilityTestDiv && visibilityTestDiv.offsetParent === null ) {            const observer = new MutationObserver( ( mutations ) => {                mutations.forEach( ( mutation ) => {                    if ( mutation.type === 'attributes' && visibilityTestDiv.offsetParent !== null ) {                        debouncedTriggerPostRender();                        observer.disconnect();                    }                });            });            observer.observe( document.body, {                attributes: true,                childList: false,                subtree: true,                attributeFilter: [ 'style', 'class' ],            });        } else {            triggerPostRender();        }    } );} ); \n\/* ]]> *\/\n<\/script>\n\n<p>[\/et_pb_text][\/et_pb_column][\/et_pb_section]<\/p>\n","protected":false},"excerpt":{"rendered":"<p>Espacio\u00a0familiasUno de los objetivos de acidH y\u00a0\u00a0el compromiso que adquiri\u00f3 desde sus inicios es mejorar la calidad de vida de las personas con Funcionamiento Intelectual L\u00edmite, Discapacidad Intelectual Leve y sus familias.Intentando dar respuesta a las distintas necesidades desde diferentes servicios: El Blog es un diario interactivo personal donde podemos compartir informaci\u00f3n, art\u00edculos,&#8230; y comentarlos [&hellip;]<\/p>\n","protected":false},"author":1,"featured_media":0,"parent":0,"menu_order":0,"comment_status":"closed","ping_status":"closed","template":"","meta":{"_et_pb_use_builder":"on","_et_pb_old_content":"","_et_gb_content_width":"","footnotes":""},"class_list":["post-168","page","type-page","status-publish","hentry"],"yoast_head":"<!-- This site is optimized with the Yoast SEO plugin v27.4 - https:\/\/yoast.com\/product\/yoast-seo-wordpress\/ -->\n<title>Espacio familias - \u00c0rea Psicosocial<\/title>\n<meta name=\"robots\" content=\"index, follow, max-snippet:-1, max-image-preview:large, max-video-preview:-1\" \/>\n<link rel=\"canonical\" href=\"https:\/\/acidh.org\/areapsicosocial\/es\/espacio-familias\/\" \/>\n<meta property=\"og:locale\" content=\"ca_ES\" \/>\n<meta property=\"og:type\" content=\"article\" \/>\n<meta property=\"og:title\" content=\"Espacio familias - \u00c0rea Psicosocial\" \/>\n<meta property=\"og:description\" content=\"Espacio\u00a0familiasUno de los objetivos de acidH y\u00a0\u00a0el compromiso que adquiri\u00f3 desde sus inicios es mejorar la calidad de vida de las personas con Funcionamiento Intelectual L\u00edmite, Discapacidad Intelectual Leve y sus familias.Intentando dar respuesta a las distintas necesidades desde diferentes servicios: El Blog es un diario interactivo personal donde podemos compartir informaci\u00f3n, art\u00edculos,... y comentarlos [&hellip;]\" \/>\n<meta property=\"og:url\" content=\"https:\/\/acidh.org\/areapsicosocial\/es\/espacio-familias\/\" \/>\n<meta property=\"og:site_name\" content=\"\u00c0rea Psicosocial\" \/>\n<meta property=\"article:modified_time\" content=\"2023-08-30T08:13:35+00:00\" \/>\n<meta name=\"twitter:card\" content=\"summary_large_image\" \/>\n<meta name=\"twitter:label1\" content=\"Temps estimat de lectura\" \/>\n\t<meta name=\"twitter:data1\" content=\"5 minuts\" \/>\n<script type=\"application\/ld+json\" class=\"yoast-schema-graph\">{\"@context\":\"https:\\\/\\\/schema.org\",\"@graph\":[{\"@type\":\"WebPage\",\"@id\":\"https:\\\/\\\/acidh.org\\\/areapsicosocial\\\/es\\\/espacio-familias\\\/\",\"url\":\"https:\\\/\\\/acidh.org\\\/areapsicosocial\\\/es\\\/espacio-familias\\\/\",\"name\":\"Espacio familias - \u00c0rea Psicosocial\",\"isPartOf\":{\"@id\":\"https:\\\/\\\/acidh.org\\\/areapsicosocial\\\/#website\"},\"datePublished\":\"2015-10-12T15:10:06+00:00\",\"dateModified\":\"2023-08-30T08:13:35+00:00\",\"breadcrumb\":{\"@id\":\"https:\\\/\\\/acidh.org\\\/areapsicosocial\\\/es\\\/espacio-familias\\\/#breadcrumb\"},\"inLanguage\":\"ca\",\"potentialAction\":[{\"@type\":\"ReadAction\",\"target\":[\"https:\\\/\\\/acidh.org\\\/areapsicosocial\\\/es\\\/espacio-familias\\\/\"]}]},{\"@type\":\"BreadcrumbList\",\"@id\":\"https:\\\/\\\/acidh.org\\\/areapsicosocial\\\/es\\\/espacio-familias\\\/#breadcrumb\",\"itemListElement\":[{\"@type\":\"ListItem\",\"position\":1,\"name\":\"Portada\",\"item\":\"https:\\\/\\\/acidh.org\\\/areapsicosocial\\\/\"},{\"@type\":\"ListItem\",\"position\":2,\"name\":\"Espacio familias\"}]},{\"@type\":\"WebSite\",\"@id\":\"https:\\\/\\\/acidh.org\\\/areapsicosocial\\\/#website\",\"url\":\"https:\\\/\\\/acidh.org\\\/areapsicosocial\\\/\",\"name\":\"\u00c0rea Psicosocial\",\"description\":\"AcidH\",\"potentialAction\":[{\"@type\":\"SearchAction\",\"target\":{\"@type\":\"EntryPoint\",\"urlTemplate\":\"https:\\\/\\\/acidh.org\\\/areapsicosocial\\\/?s={search_term_string}\"},\"query-input\":{\"@type\":\"PropertyValueSpecification\",\"valueRequired\":true,\"valueName\":\"search_term_string\"}}],\"inLanguage\":\"ca\"}]}<\/script>\n<!-- \/ Yoast SEO plugin. -->","yoast_head_json":{"title":"Espacio familias - \u00c0rea Psicosocial","robots":{"index":"index","follow":"follow","max-snippet":"max-snippet:-1","max-image-preview":"max-image-preview:large","max-video-preview":"max-video-preview:-1"},"canonical":"https:\/\/acidh.org\/areapsicosocial\/es\/espacio-familias\/","og_locale":"ca_ES","og_type":"article","og_title":"Espacio familias - \u00c0rea Psicosocial","og_description":"Espacio\u00a0familiasUno de los objetivos de acidH y\u00a0\u00a0el compromiso que adquiri\u00f3 desde sus inicios es mejorar la calidad de vida de las personas con Funcionamiento Intelectual L\u00edmite, Discapacidad Intelectual Leve y sus familias.Intentando dar respuesta a las distintas necesidades desde diferentes servicios: El Blog es un diario interactivo personal donde podemos compartir informaci\u00f3n, art\u00edculos,... y comentarlos [&hellip;]","og_url":"https:\/\/acidh.org\/areapsicosocial\/es\/espacio-familias\/","og_site_name":"\u00c0rea Psicosocial","article_modified_time":"2023-08-30T08:13:35+00:00","twitter_card":"summary_large_image","twitter_misc":{"Temps estimat de lectura":"5 minuts"},"schema":{"@context":"https:\/\/schema.org","@graph":[{"@type":"WebPage","@id":"https:\/\/acidh.org\/areapsicosocial\/es\/espacio-familias\/","url":"https:\/\/acidh.org\/areapsicosocial\/es\/espacio-familias\/","name":"Espacio familias - \u00c0rea Psicosocial","isPartOf":{"@id":"https:\/\/acidh.org\/areapsicosocial\/#website"},"datePublished":"2015-10-12T15:10:06+00:00","dateModified":"2023-08-30T08:13:35+00:00","breadcrumb":{"@id":"https:\/\/acidh.org\/areapsicosocial\/es\/espacio-familias\/#breadcrumb"},"inLanguage":"ca","potentialAction":[{"@type":"ReadAction","target":["https:\/\/acidh.org\/areapsicosocial\/es\/espacio-familias\/"]}]},{"@type":"BreadcrumbList","@id":"https:\/\/acidh.org\/areapsicosocial\/es\/espacio-familias\/#breadcrumb","itemListElement":[{"@type":"ListItem","position":1,"name":"Portada","item":"https:\/\/acidh.org\/areapsicosocial\/"},{"@type":"ListItem","position":2,"name":"Espacio familias"}]},{"@type":"WebSite","@id":"https:\/\/acidh.org\/areapsicosocial\/#website","url":"https:\/\/acidh.org\/areapsicosocial\/","name":"\u00c0rea Psicosocial","description":"AcidH","potentialAction":[{"@type":"SearchAction","target":{"@type":"EntryPoint","urlTemplate":"https:\/\/acidh.org\/areapsicosocial\/?s={search_term_string}"},"query-input":{"@type":"PropertyValueSpecification","valueRequired":true,"valueName":"search_term_string"}}],"inLanguage":"ca"}]}},"_links":{"self":[{"href":"https:\/\/acidh.org\/areapsicosocial\/wp-json\/wp\/v2\/pages\/168","targetHints":{"allow":["GET"]}}],"collection":[{"href":"https:\/\/acidh.org\/areapsicosocial\/wp-json\/wp\/v2\/pages"}],"about":[{"href":"https:\/\/acidh.org\/areapsicosocial\/wp-json\/wp\/v2\/types\/page"}],"author":[{"embeddable":true,"href":"https:\/\/acidh.org\/areapsicosocial\/wp-json\/wp\/v2\/users\/1"}],"replies":[{"embeddable":true,"href":"https:\/\/acidh.org\/areapsicosocial\/wp-json\/wp\/v2\/comments?post=168"}],"version-history":[{"count":17,"href":"https:\/\/acidh.org\/areapsicosocial\/wp-json\/wp\/v2\/pages\/168\/revisions"}],"predecessor-version":[{"id":742,"href":"https:\/\/acidh.org\/areapsicosocial\/wp-json\/wp\/v2\/pages\/168\/revisions\/742"}],"wp:attachment":[{"href":"https:\/\/acidh.org\/areapsicosocial\/wp-json\/wp\/v2\/media?parent=168"}],"curies":[{"name":"wp","href":"https:\/\/api.w.org\/{rel}","templated":true}]}}